{"id":4220,"date":"2023-07-28T14:21:22","date_gmt":"2023-07-28T12:21:22","guid":{"rendered":"https:\/\/www.villaggiosanpaolo.com\/event\/fest-der-sparesea\/"},"modified":"2023-07-28T15:15:56","modified_gmt":"2023-07-28T13:15:56","slug":"fest-der-sparesea","status":"publish","type":"event","link":"https:\/\/www.villaggiosanpaolo.com\/de\/event\/fest-der-sparesea\/","title":{"rendered":"Fest der &#8222;Sparesea&#8220;"},"content":{"rendered":"<div  class=\"grids-section grids-is-advanced alignwide\" style=\"--_gs-gap-desktop:0px 0px;--_gs-m-desktop:0 0 0 0;--_gs-p-desktop:0 0 0 0;--_gs-bg-desktop:transparent none;--_gs-bg-xp-desktop:0px;--_gs-zi-desktop:auto;--_gs-d-desktop:block;--_gs-mw-desktop:calc(100% - 0 - 0);--_gs-gap-tablet:0px 0px;--_gs-m-tablet:0 0 0 0;--_gs-p-tablet:0 0 0 0;--_gs-bg-tablet:transparent none;--_gs-bg-xp-tablet:0px;--_gs-zi-tablet:auto;--_gs-d-tablet:block;--_gs-mw-tablet:calc(100% - 0 - 0);--_gs-gap-mobile:0px 0px;--_gs-m-mobile:0 0 0 0;--_gs-p-mobile:0 0 0 0;--_gs-bg-mobile:transparent none;--_gs-bg-xp-mobile:0px;--_gs-zi-mobile:auto;--_gs-d-mobile:block;--_gs-mw-mobile:calc(100% - 0 - 0);--_gs-columns:12;--_gs-rows:6\"><div class=\"grids-s-w_i\">\n<div class=\"grids-area\" style=\"--_ga-column:1\/14;--_ga-row:1\/8;--_ga-m-desktop:0 0 0 0;--_ga-p-desktop:0 0 0 0;--_ga-bg-desktop:transparent none;--_ga-zi-desktop:auto;--_ga-d-desktop:flex;--_ga-mw-desktop:calc(100% - 0 - 0);--_ga-m-tablet:0 0 0 0;--_ga-p-tablet:0 0 0 0;--_ga-bg-tablet:transparent none;--_ga-zi-tablet:auto;--_ga-d-tablet:flex;--_ga-mw-tablet:calc(100% - 0 - 0);--_ga-m-mobile:0 0 0 0;--_ga-p-mobile:0 0 0 0;--_ga-bg-mobile:transparent none;--_ga-zi-mobile:auto;--_ga-d-mobile:flex;--_ga-mw-mobile:calc(100% - 0 - 0)\">\n\n<h1 class=\"wp-block-heading has-text-align-center\">Fest der &#8222;Sparesea&#8220;<\/h1>\n\n\n\n<p class=\"has-text-align-center\">Dies ist das traditionelle Fest, das in Cavallino anl\u00e4sslich des Tages der Arbeit (1. Mai) gefeiert wird und bei dem der Spargel, ein typisches Gem\u00fcse der K\u00fcste, im Mittelpunkt steht.<\/p>\n\n<\/div>\n<\/div><\/div>","protected":false},"excerpt":{"rendered":"<p>1. Mai in Cavallino<\/p>\n","protected":false},"author":1,"featured_media":3042,"template":"","meta":{"_acf_changed":false,"_seopress_robots_primary_cat":"","_seopress_titles_title":"Fest der \"Sparesea\"","_seopress_titles_desc":"Dies ist das traditionelle Fest, das in Cavallino anl\u00e4sslich des Tages der Arbeit (1. Mai) gefeiert wird und bei dem der Spargel, ein typisches Gem\u00fcse der K\u00fcste, im Mittelpunkt steht.","_seopress_robots_index":"","advgb_blocks_editor_width":"","advgb_blocks_columns_visual_guide":"","footnotes":""},"class_list":["post-4220","event","type-event","status-publish","has-post-thumbnail","hentry","entry"],"acf":[],"featured_img":"https:\/\/www.villaggiosanpaolo.com\/wp-content\/uploads\/2023\/04\/villagio-san-paolo-cavallino-festa-della-sparesea-01-1568x784.jpg","coauthors":[],"author_meta":{"author_link":"https:\/\/www.villaggiosanpaolo.com\/de\/author\/ales-ckgmi8c90\/","display_name":"ales-ckgmi8c90"},"relative_dates":{"created":"Posted 3\u00a0Jahren ago","modified":"Updated 3\u00a0Jahren ago"},"absolute_dates":{"created":"Posted on Juli 28, 2023","modified":"Updated on Juli 28, 2023"},"absolute_dates_time":{"created":"Posted on Juli 28, 2023 2:21 p.m.","modified":"Updated on Juli 28, 2023 3:15 p.m."},"featured_img_caption":"","tax_additional":{"translation_priority":{"linked":["<a href=\"https:\/\/www.villaggiosanpaolo.com\/de\/?taxonomy=translation_priority&#038;term=optional-de\" class=\"advgb-post-tax-term\">Optional<\/a>"],"unlinked":["<span class=\"advgb-post-tax-term\">Optional<\/span>"],"slug":"translation_priority","name":"\u00dcbersetzungspriorit\u00e4ten"}},"series_order":"","_links":{"self":[{"href":"https:\/\/www.villaggiosanpaolo.com\/de\/wp-json\/wp\/v2\/event\/4220","targetHints":{"allow":["GET"]}}],"collection":[{"href":"https:\/\/www.villaggiosanpaolo.com\/de\/wp-json\/wp\/v2\/event"}],"about":[{"href":"https:\/\/www.villaggiosanpaolo.com\/de\/wp-json\/wp\/v2\/types\/event"}],"author":[{"embeddable":true,"href":"https:\/\/www.villaggiosanpaolo.com\/de\/wp-json\/wp\/v2\/users\/1"}],"version-history":[{"count":2,"href":"https:\/\/www.villaggiosanpaolo.com\/de\/wp-json\/wp\/v2\/event\/4220\/revisions"}],"predecessor-version":[{"id":4250,"href":"https:\/\/www.villaggiosanpaolo.com\/de\/wp-json\/wp\/v2\/event\/4220\/revisions\/4250"}],"wp:featuredmedia":[{"embeddable":true,"href":"https:\/\/www.villaggiosanpaolo.com\/de\/wp-json\/wp\/v2\/media\/3042"}],"wp:attachment":[{"href":"https:\/\/www.villaggiosanpaolo.com\/de\/wp-json\/wp\/v2\/media?parent=4220"}],"curies":[{"name":"wp","href":"https:\/\/api.w.org\/{rel}","templated":true}]}}