{"id":3901,"date":"2023-07-20T12:13:19","date_gmt":"2023-07-20T10:13:19","guid":{"rendered":"https:\/\/www.villaggiosanpaolo.com\/allgemeine-geschaeftsbedingungen\/"},"modified":"2025-04-10T10:07:54","modified_gmt":"2025-04-10T08:07:54","slug":"allgemeine-geschaeftsbedingungen","status":"publish","type":"page","link":"https:\/\/www.villaggiosanpaolo.com\/de\/allgemeine-geschaeftsbedingungen\/","title":{"rendered":"Allgemeine Gesch\u00e4ftsbedingungen"},"content":{"rendered":"<div  class=\"grids-section four-servces-boxes grids-is-advanced alignwide\" style=\"--_gs-gap-desktop:0px 0px;--_gs-m-desktop:0 0 0 0;--_gs-p-desktop:0 0 0 0;--_gs-bg-desktop:transparent none;--_gs-bg-xp-desktop:0px;--_gs-zi-desktop:auto;--_gs-d-desktop:block;--_gs-mw-desktop:calc(100% - 0 - 0);--_gs-gap-tablet:0px 0px;--_gs-m-tablet:0 0 0 0;--_gs-p-tablet:0 0 0 0;--_gs-bg-tablet:transparent none;--_gs-bg-xp-tablet:0px;--_gs-zi-tablet:auto;--_gs-d-tablet:block;--_gs-mw-tablet:calc(100% - 0 - 0);--_gs-gap-mobile:0px 0px;--_gs-m-mobile:0 0 0 0;--_gs-p-mobile:0 0 0 0;--_gs-bg-mobile:transparent none;--_gs-bg-xp-mobile:0px;--_gs-zi-mobile:auto;--_gs-d-mobile:block;--_gs-mw-mobile:calc(100% - 0 - 0);--_gs-columns:12;--_gs-rows:6\"><div class=\"grids-s-w_i\">\n<div class=\"grids-area\" style=\"--_ga-column:1\/13;--_ga-row:1\/7;--_ga-m-desktop:0 0 0 0;--_ga-p-desktop:0 0 0 0;--_ga-bg-desktop:transparent none;--_ga-zi-desktop:auto;--_ga-d-desktop:flex;--_ga-mw-desktop:calc(100% - 0 - 0);--_ga-m-tablet:0 0 0 0;--_ga-p-tablet:0 0 0 0;--_ga-bg-tablet:transparent none;--_ga-zi-tablet:auto;--_ga-d-tablet:flex;--_ga-mw-tablet:calc(100% - 0 - 0);--_ga-m-mobile:0 0 0 0;--_ga-p-mobile:0 0 0 0;--_ga-bg-mobile:transparent none;--_ga-zi-mobile:auto;--_ga-d-mobile:flex;--_ga-mw-mobile:calc(100% - 0 - 0)\">\n\n<h2 class=\"wp-block-heading has-text-align-left\">Allgemeine Buchungsbedingungen\n        <\/h2>\n\n\n\n<p>Nachstehend finden Sie n\u00fctzliche Informationen f\u00fcr Ihren Aufenthalt.\n        <\/p>\n\n\n\n<h2 class=\"wp-block-heading\">Allgemeine Informationen\n         <\/h2>\n\n\n\n<p class=\"has-text-align-left\">Alle Preise in der Preisliste verstehen sich <strong>pro Nacht<\/strong>, g\u00fcltig bis 12 Uhr des folgenden Tages, und beinhalten einen \u00fcberdachten Parkplatz (f\u00fcr die Familie), Klimaanlage\/Heizung, Reinigung am Eingang der Unterkunft (Desinfektion von Zimmer und Klimaanlage), Unterhaltung und Aktivit\u00e4ten im Kinderclub und auf dem Spielplatz.\n         Des Weiteren:\n        <\/p>\n\n\n\n<ul class=\"wp-block-list\">\n<li>Die <strong>Kurtaxe<\/strong> (g\u00fcltig vom 1. Mai bis 30. September) wird immer separat berechnet. <a rel=\"noreferrer noopener\" href=\"https:\/\/www.comune.cavallinotreporti.ve.it\/home\" target=\"_blank\">F\u00fcr weitere Informationen klicken Sie hier<\/a>;\n        <\/li>\n\n\n\n<li>W\u00e4hrend der <strong>Schlie\u00dfzeit<\/strong> (bis 30. April und ab 1. Oktober) steht das Dorf f\u00fcr individuelle Sonder\u00f6ffnungen zur Verf\u00fcgung;<\/li>\n\n\n\n<li>Die Direktion beh\u00e4lt sich das Recht vor, diese Preisliste ohne vorherige Ank\u00fcndigung zu \u00e4ndern.\n        <\/li>\n<\/ul>\n\n<\/div>\n<\/div><\/div>\n\n<div  class=\"grids-section four-servces-boxes grids-is-advanced alignwide\" style=\"--_gs-gap-desktop:0px 0px;--_gs-m-desktop:0 0 0 0;--_gs-p-desktop:25px 0 0 0;--_gs-bg-desktop:#FFFFFF none;--_gs-bg-xp-desktop:0px;--_gs-zi-desktop:auto;--_gs-d-desktop:block;--_gs-mw-desktop:calc(100% - 0 - 0);--_gs-gap-tablet:0px 0px;--_gs-m-tablet:0 0 0 0;--_gs-p-tablet:25px 0 0 0;--_gs-bg-tablet:#FFFFFF none;--_gs-bg-xp-tablet:0px;--_gs-zi-tablet:auto;--_gs-d-tablet:block;--_gs-mw-tablet:calc(100% - 0 - 0);--_gs-gap-mobile:0px 0px;--_gs-m-mobile:0 0 0 0;--_gs-p-mobile:25px 0 0 0;--_gs-bg-mobile:#FFFFFF none;--_gs-bg-xp-mobile:0px;--_gs-zi-mobile:auto;--_gs-d-mobile:block;--_gs-mw-mobile:calc(100% - 0 - 0);--_gs-columns:12;--_gs-rows:6\"><div class=\"grids-s-w_i\">\n<div class=\"grids-area\" style=\"--_ga-column:1\/13;--_ga-row:1\/7;--_ga-m-desktop:0 0 0 0;--_ga-p-desktop:0 0 0 0;--_ga-bg-desktop:transparent none;--_ga-zi-desktop:auto;--_ga-d-desktop:flex;--_ga-mw-desktop:calc(100% - 0 - 0);--_ga-m-tablet:0 0 0 0;--_ga-p-tablet:0 0 0 0;--_ga-bg-tablet:transparent none;--_ga-zi-tablet:auto;--_ga-d-tablet:flex;--_ga-mw-tablet:calc(100% - 0 - 0);--_ga-m-mobile:0 0 0 0;--_ga-p-mobile:0 0 0 0;--_ga-bg-mobile:transparent none;--_ga-zi-mobile:auto;--_ga-d-mobile:flex;--_ga-mw-mobile:calc(100% - 0 - 0)\">\n\n<h2 class=\"wp-block-heading has-text-align-left\">Wechseltage\n        <\/h2>\n\n\n\n<ul class=\"wp-block-list\">\n<li>Vom <strong>27. Juni bis zum 5. September<\/strong> dauern die Aufenthalte in den Residenzen Laguna, Ai Pini und Stella Marina in der Regel <strong>von Freitag bis Freitag<\/strong>, bei einem Mindestaufenthalt von 7 N\u00e4chten.<\/li>\n\n\n\n<li>Vom <strong>28. Juni bis zum 6. September<\/strong> f\u00fcr die Trulli dell&#8217;Adriatico, die Villette Lio Piccolo, die Residenz Bellavista und Del Forte dauern die Aufenthalte in der Regel <strong>von Samstag bis Samstag<\/strong>, f\u00fcr mindestens 7 N\u00e4chte.<\/li>\n\n\n\n<li>Vom <strong>29. Juni bis 7. September<\/strong> f\u00fcr die Villette Mesole, Sole, Le Dune, Trulli del Mediterraneo und die Stellpl\u00e4tze, dauern die Aufenthalte in der Regel <strong>von Sonntag bis Sonntag<\/strong>, f\u00fcr mindestens 7 N\u00e4chte.<\/li>\n\n\n\n<li>Vom <strong>27. Juni bis zum 7. September<\/strong> ist es m\u00f6glich, in den Bellavista-Zimmern <strong>samstags<\/strong> oder <strong>sonntags<\/strong> an- und abzureisen.<\/li>\n<\/ul>\n\n<\/div>\n<\/div><\/div>\n\n<div  class=\"grids-section four-servces-boxes grids-is-advanced alignwide\" style=\"--_gs-gap-desktop:0px 0px;--_gs-m-desktop:0 0 0 0;--_gs-p-desktop:25px 0 0 0;--_gs-bg-desktop:#FFFFFF none;--_gs-bg-xp-desktop:0px;--_gs-zi-desktop:auto;--_gs-d-desktop:block;--_gs-mw-desktop:calc(100% - 0 - 0);--_gs-gap-tablet:0px 0px;--_gs-m-tablet:0 0 0 0;--_gs-p-tablet:25px 0 0 0;--_gs-bg-tablet:#FFFFFF none;--_gs-bg-xp-tablet:0px;--_gs-zi-tablet:auto;--_gs-d-tablet:block;--_gs-mw-tablet:calc(100% - 0 - 0);--_gs-gap-mobile:0px 0px;--_gs-m-mobile:0 0 0 0;--_gs-p-mobile:25px 0 0 0;--_gs-bg-mobile:#FFFFFF none;--_gs-bg-xp-mobile:0px;--_gs-zi-mobile:auto;--_gs-d-mobile:block;--_gs-mw-mobile:calc(100% - 0 - 0);--_gs-columns:12;--_gs-rows:6\"><div class=\"grids-s-w_i\">\n<div class=\"grids-area\" style=\"--_ga-column:1\/13;--_ga-row:1\/7;--_ga-m-desktop:0 0 0 0;--_ga-p-desktop:0 0 0 0;--_ga-bg-desktop:transparent none;--_ga-zi-desktop:auto;--_ga-d-desktop:flex;--_ga-mw-desktop:calc(100% - 0 - 0);--_ga-m-tablet:0 0 0 0;--_ga-p-tablet:0 0 0 0;--_ga-bg-tablet:transparent none;--_ga-zi-tablet:auto;--_ga-d-tablet:flex;--_ga-mw-tablet:calc(100% - 0 - 0);--_ga-m-mobile:0 0 0 0;--_ga-p-mobile:0 0 0 0;--_ga-bg-mobile:transparent none;--_ga-zi-mobile:auto;--_ga-d-mobile:flex;--_ga-mw-mobile:calc(100% - 0 - 0)\">\n\n<h2 class=\"wp-block-heading has-text-align-left\">Zuschl\u00e4ge<\/h2>\n\n\n\n<ul class=\"wp-block-list\">\n<li>Ab dem <strong>29. Juni<\/strong> wird <strong>bei versp\u00e4teter Ankunft oder verfr\u00fchter Abreise <\/strong>im Zusammenhang mit der Buchung der entsprechende Tarif f\u00fcr jede Nacht berechnet.<\/li>\n\n\n\n<li><strong>Sp\u00e4tes Auschecken<\/strong>: Es ist m\u00f6glich, die gebuchten Zimmer\/Pl\u00e4tze bis 22.00 Uhr zu nutzen, indem man 30% des Preises (einschlie\u00dflich Personen und Parkplatz) bezahlt, vorbehaltlich der Verf\u00fcgbarkeit, die bei der Unterkunft zu erfragen ist.<\/li>\n<\/ul>\n\n<\/div>\n<\/div><\/div>\n\n<div  class=\"grids-section four-servces-boxes grids-is-advanced alignwide\" style=\"--_gs-gap-desktop:0px 0px;--_gs-m-desktop:0 0 0 0;--_gs-p-desktop:25px 0 0 0;--_gs-bg-desktop:#FFFFFF none;--_gs-bg-xp-desktop:0px;--_gs-zi-desktop:auto;--_gs-d-desktop:block;--_gs-mw-desktop:calc(100% - 0 - 0);--_gs-gap-tablet:0px 0px;--_gs-m-tablet:0 0 0 0;--_gs-p-tablet:25px 0 0 0;--_gs-bg-tablet:#FFFFFF none;--_gs-bg-xp-tablet:0px;--_gs-zi-tablet:auto;--_gs-d-tablet:block;--_gs-mw-tablet:calc(100% - 0 - 0);--_gs-gap-mobile:0px 0px;--_gs-m-mobile:0 0 0 0;--_gs-p-mobile:25px 0 0 0;--_gs-bg-mobile:#FFFFFF none;--_gs-bg-xp-mobile:0px;--_gs-zi-mobile:auto;--_gs-d-mobile:block;--_gs-mw-mobile:calc(100% - 0 - 0);--_gs-columns:12;--_gs-rows:6\"><div class=\"grids-s-w_i\">\n<div class=\"grids-area\" style=\"--_ga-column:1\/13;--_ga-row:1\/7;--_ga-m-desktop:0 0 0 0;--_ga-p-desktop:0 0 0 0;--_ga-bg-desktop:transparent none;--_ga-zi-desktop:auto;--_ga-d-desktop:flex;--_ga-mw-desktop:calc(100% - 0 - 0);--_ga-m-tablet:0 0 0 0;--_ga-p-tablet:0 0 0 0;--_ga-bg-tablet:transparent none;--_ga-zi-tablet:auto;--_ga-d-tablet:flex;--_ga-mw-tablet:calc(100% - 0 - 0);--_ga-m-mobile:0 0 0 0;--_ga-p-mobile:0 0 0 0;--_ga-bg-mobile:transparent none;--_ga-zi-mobile:auto;--_ga-d-mobile:flex;--_ga-mw-mobile:calc(100% - 0 - 0)\">\n\n<h2 class=\"wp-block-heading has-text-align-left\">Anzahlungen und Abrechnungen\n        <\/h2>\n\n\n\n<p>Eine Anzahlung von <strong>30% <\/strong>des Gesamtpreises muss innerhalb von 10 Tagen nach der <strong>Buchungsbest\u00e4tigung<\/strong> geleistet werden. Die Reservierung verf\u00e4llt, wenn die Anzahlung nicht innerhalb dieser Frist eingeht. Mit der Zahlung der Anzahlung akzeptieren Sie unsere Buchungsbedingungen. <br>Der <strong>Restbetrag f\u00fcr den Aufenthalt in den Unterk\u00fcnften<\/strong> muss von Montag bis Freitag vor der Abreise vor Ort in bar (bis zu 4.999 \u20ac), per Debitkarte, Kreditkarte oder Bankscheck bezahlt werden.<\/p>\n\n<\/div>\n<\/div><\/div>\n\n<div  class=\"grids-section four-servces-boxes grids-is-advanced alignwide\" style=\"--_gs-gap-desktop:0px 0px;--_gs-m-desktop:0 0 0 0;--_gs-p-desktop:25px 0 0 0;--_gs-bg-desktop:#FFFFFF none;--_gs-bg-xp-desktop:0px;--_gs-zi-desktop:auto;--_gs-d-desktop:block;--_gs-mw-desktop:calc(100% - 0 - 0);--_gs-gap-tablet:0px 0px;--_gs-m-tablet:0 0 0 0;--_gs-p-tablet:25px 0 0 0;--_gs-bg-tablet:#FFFFFF none;--_gs-bg-xp-tablet:0px;--_gs-zi-tablet:auto;--_gs-d-tablet:block;--_gs-mw-tablet:calc(100% - 0 - 0);--_gs-gap-mobile:0px 0px;--_gs-m-mobile:0 0 0 0;--_gs-p-mobile:25px 0 0 0;--_gs-bg-mobile:#FFFFFF none;--_gs-bg-xp-mobile:0px;--_gs-zi-mobile:auto;--_gs-d-mobile:block;--_gs-mw-mobile:calc(100% - 0 - 0);--_gs-columns:12;--_gs-rows:6\"><div class=\"grids-s-w_i\">\n<div class=\"grids-area\" style=\"--_ga-column:1\/13;--_ga-row:1\/7;--_ga-m-desktop:0 0 0 0;--_ga-p-desktop:0 0 0 0;--_ga-bg-desktop:transparent none;--_ga-zi-desktop:auto;--_ga-d-desktop:flex;--_ga-mw-desktop:calc(100% - 0 - 0);--_ga-m-tablet:0 0 0 0;--_ga-p-tablet:0 0 0 0;--_ga-bg-tablet:transparent none;--_ga-zi-tablet:auto;--_ga-d-tablet:flex;--_ga-mw-tablet:calc(100% - 0 - 0);--_ga-m-mobile:0 0 0 0;--_ga-p-mobile:0 0 0 0;--_ga-bg-mobile:transparent none;--_ga-zi-mobile:auto;--_ga-d-mobile:flex;--_ga-mw-mobile:calc(100% - 0 - 0)\">\n\n<h2 class=\"wp-block-heading has-text-align-left\">Stornierungen und Erm\u00e4\u00dfigungen\n        <\/h2>\n\n\n\n<p>Bei Stornierungen\/Reduzierungen, die per E-Mail an <strong>info@villaggiosanpaolo.com<\/strong> mitgeteilt werden, wird der entsprechende Betrag einbehalten, der als Vertragsstrafe im Sinne von Art.\n         1382 des B\u00fcrgerlichen Gesetzbuches wie folgt gilt\n        <\/p>\n\n<\/div>\n<\/div><\/div>\n\n<div  class=\"grids-section four-servces-boxes grids-is-advanced alignwide\" style=\"--_gs-gap-desktop:0px 0px;--_gs-m-desktop:0 0 0 0;--_gs-p-desktop:0 0 0 0;--_gs-bg-desktop:transparent none;--_gs-bg-xp-desktop:0px;--_gs-zi-desktop:auto;--_gs-d-desktop:block;--_gs-mw-desktop:calc(100% - 0 - 0);--_gs-gap-tablet:0px 0px;--_gs-m-tablet:0 0 0 0;--_gs-p-tablet:0 0 0 0;--_gs-bg-tablet:transparent none;--_gs-bg-xp-tablet:0px;--_gs-zi-tablet:auto;--_gs-d-tablet:block;--_gs-mw-tablet:calc(100% - 0 - 0);--_gs-gap-mobile:0px 0px;--_gs-m-mobile:0 0 0 0;--_gs-p-mobile:0 0 0 0;--_gs-bg-mobile:transparent none;--_gs-bg-xp-mobile:0px;--_gs-zi-mobile:auto;--_gs-d-mobile:block;--_gs-mw-mobile:calc(100% - 0 - 0);--_gs-columns:12;--_gs-rows:6\"><div class=\"grids-s-w_i\">\n<div class=\"grids-area\" style=\"--_ga-column:1\/7;--_ga-row:1\/6;--_ga-m-desktop:0 0 0 0;--_ga-p-desktop:0 0 0 0;--_ga-bg-desktop:transparent none;--_ga-zi-desktop:auto;--_ga-d-desktop:flex;--_ga-mw-desktop:calc(100% - 0 - 0);--_ga-m-tablet:0 0 0 0;--_ga-p-tablet:0 0 0 0;--_ga-bg-tablet:transparent none;--_ga-zi-tablet:auto;--_ga-d-tablet:flex;--_ga-mw-tablet:calc(100% - 0 - 0);--_ga-m-mobile:0 0 0 0;--_ga-p-mobile:0 0 0 0;--_ga-bg-mobile:transparent none;--_ga-zi-mobile:auto;--_ga-d-mobile:flex;--_ga-mw-mobile:calc(100% - 0 - 0)\">\n\n<h3 class=\"wp-block-heading\">Stornierungen f\u00fcr Unterk\u00fcnfte\n        <\/h3>\n\n\n\n<ul class=\"wp-block-list\">\n<li>Bis zu 30 Tage vor der Ankunft = 20 \u20ac Buchungsgeb\u00fchr;\n        <\/li>\n<\/ul>\n\n\n\n<ul class=\"wp-block-list\">\n<li>Zwischen 29 und 11 Tagen vor der Ankunft = 100 \u20ac Stornogeb\u00fchr;\n        <\/li>\n\n\n\n<li>Ab 10 Tage vor Anreise bis zum Nichterscheinen = 100% des gezahlten Betrags.\n        <\/li>\n<\/ul>\n\n<\/div>\n\n<div class=\"grids-area\" style=\"--_ga-column:7\/13;--_ga-row:1\/6;--_ga-m-desktop:0 0 0 0;--_ga-p-desktop:0 0 0 0;--_ga-bg-desktop:transparent none;--_ga-zi-desktop:auto;--_ga-d-desktop:flex;--_ga-mw-desktop:calc(100% - 0 - 0);--_ga-m-tablet:0 0 0 0;--_ga-p-tablet:0 0 0 0;--_ga-bg-tablet:transparent none;--_ga-zi-tablet:auto;--_ga-d-tablet:flex;--_ga-mw-tablet:calc(100% - 0 - 0);--_ga-m-mobile:0 0 0 0;--_ga-p-mobile:0 0 0 0;--_ga-bg-mobile:transparent none;--_ga-zi-mobile:auto;--_ga-d-mobile:flex;--_ga-mw-mobile:calc(100% - 0 - 0)\">\n\n<h3 class=\"wp-block-heading\">Stornierungen f\u00fcr Stellpl\u00e4tze\n        <\/h3>\n\n\n\n<ul class=\"wp-block-list\">\n<li>Bis zu 30 Tage vor der Ankunft = 20 \u20ac Buchungsgeb\u00fchr;\n        <\/li>\n<\/ul>\n\n\n\n<ul class=\"wp-block-list\">\n<li>Zwischen 29 und 11 Tagen vor der Ankunft = 50 \u20ac Stornogeb\u00fchr;\n        <\/li>\n\n\n\n<li>Ab 10 Tage vor Anreise bis zum Nichterscheinen = 100% des gezahlten Betrags\n        <\/li>\n<\/ul>\n\n<\/div>\n\n<div class=\"grids-area\" style=\"--_ga-column:1\/7;--_ga-row:6\/7;--_ga-m-desktop:0 0 0 0;--_ga-p-desktop:0 0 0 0;--_ga-bg-desktop:transparent none;--_ga-zi-desktop:auto;--_ga-d-desktop:flex;--_ga-mw-desktop:calc(100% - 0 - 0);--_ga-m-tablet:0 0 0 0;--_ga-p-tablet:0 0 0 0;--_ga-bg-tablet:transparent none;--_ga-zi-tablet:auto;--_ga-d-tablet:flex;--_ga-mw-tablet:calc(100% - 0 - 0);--_ga-m-mobile:0 0 0 0;--_ga-p-mobile:0 0 0 0;--_ga-bg-mobile:transparent none;--_ga-zi-mobile:auto;--_ga-d-mobile:flex;--_ga-mw-mobile:calc(100% - 0 - 0)\">\n\n<p>Bei Buchungen, die innerhalb von 30 Tagen vor der Ankunft vorgenommen und sp\u00e4ter storniert werden, wird die <strong>gesamte Anzahlung<\/strong> einbehalten, wenn die Stornierung innerhalb von 7 Tagen vor der Ankunft mitgeteilt wird.\n        <\/p>\n\n<\/div>\n<\/div><\/div>\n\n<div  class=\"grids-section four-servces-boxes grids-is-advanced alignwide\" style=\"--_gs-gap-desktop:0px 0px;--_gs-m-desktop:0 0 0 0;--_gs-p-desktop:25px 0 0 0;--_gs-bg-desktop:#FFFFFF none;--_gs-bg-xp-desktop:0px;--_gs-zi-desktop:auto;--_gs-d-desktop:block;--_gs-mw-desktop:calc(100% - 0 - 0);--_gs-gap-tablet:0px 0px;--_gs-m-tablet:0 0 0 0;--_gs-p-tablet:25px 0 0 0;--_gs-bg-tablet:#FFFFFF none;--_gs-bg-xp-tablet:0px;--_gs-zi-tablet:auto;--_gs-d-tablet:block;--_gs-mw-tablet:calc(100% - 0 - 0);--_gs-gap-mobile:0px 0px;--_gs-m-mobile:0 0 0 0;--_gs-p-mobile:25px 0 0 0;--_gs-bg-mobile:#FFFFFF none;--_gs-bg-xp-mobile:0px;--_gs-zi-mobile:auto;--_gs-d-mobile:block;--_gs-mw-mobile:calc(100% - 0 - 0);--_gs-columns:12;--_gs-rows:6\"><div class=\"grids-s-w_i\">\n<div class=\"grids-area\" style=\"--_ga-column:1\/14;--_ga-row:1\/8;--_ga-m-desktop:0 0 0 0;--_ga-p-desktop:0 0 0 0;--_ga-bg-desktop:transparent none;--_ga-zi-desktop:auto;--_ga-d-desktop:flex;--_ga-mw-desktop:calc(100% - 0 - 0);--_ga-m-tablet:0 0 0 0;--_ga-p-tablet:0 0 0 0;--_ga-bg-tablet:transparent none;--_ga-zi-tablet:auto;--_ga-d-tablet:flex;--_ga-mw-tablet:calc(100% - 0 - 0);--_ga-m-mobile:0 0 0 0;--_ga-p-mobile:0 0 0 0;--_ga-bg-mobile:transparent none;--_ga-zi-mobile:auto;--_ga-d-mobile:flex;--_ga-mw-mobile:calc(100% - 0 - 0)\"><\/div>\n<\/div><\/div>","protected":false},"excerpt":{"rendered":"","protected":false},"author":1,"featured_media":2679,"parent":0,"menu_order":0,"comment_status":"closed","ping_status":"closed","template":"","meta":{"_acf_changed":false,"_seopress_robots_primary_cat":"","_seopress_titles_title":"%%post_title%% %%sep%% %%sitetitle%%\n        ","_seopress_titles_desc":"Entdecken Sie n\u00fctzliche Informationen f\u00fcr Ihren Aufenthalt im Villaggio San Paolo in Cavallino (Venedig)\n        ","_seopress_robots_index":"","advgb_blocks_editor_width":"","advgb_blocks_columns_visual_guide":"","footnotes":""},"class_list":["post-3901","page","type-page","status-publish","has-post-thumbnail","hentry","entry"],"acf":[],"coauthors":[],"author_meta":{"author_link":"https:\/\/www.villaggiosanpaolo.com\/de\/author\/ales-ckgmi8c90\/","display_name":"ales-ckgmi8c90"},"relative_dates":{"created":"Posted 3\u00a0Jahren ago","modified":"Updated 1\u00a0Jahr ago"},"absolute_dates":{"created":"Posted on Juli 20, 2023","modified":"Updated on April 10, 2025"},"absolute_dates_time":{"created":"Posted on Juli 20, 2023 12:13 p.m.","modified":"Updated on April 10, 2025 10:07 a.m."},"featured_img_caption":"","featured_img":"https:\/\/www.villaggiosanpaolo.com\/wp-content\/uploads\/2023\/06\/villagio-san-paolo-cavallino-reception-banner-1568x784.jpg","series_order":"","_links":{"self":[{"href":"https:\/\/www.villaggiosanpaolo.com\/de\/wp-json\/wp\/v2\/pages\/3901","targetHints":{"allow":["GET"]}}],"collection":[{"href":"https:\/\/www.villaggiosanpaolo.com\/de\/wp-json\/wp\/v2\/pages"}],"about":[{"href":"https:\/\/www.villaggiosanpaolo.com\/de\/wp-json\/wp\/v2\/types\/page"}],"author":[{"embeddable":true,"href":"https:\/\/www.villaggiosanpaolo.com\/de\/wp-json\/wp\/v2\/users\/1"}],"replies":[{"embeddable":true,"href":"https:\/\/www.villaggiosanpaolo.com\/de\/wp-json\/wp\/v2\/comments?post=3901"}],"version-history":[{"count":5,"href":"https:\/\/www.villaggiosanpaolo.com\/de\/wp-json\/wp\/v2\/pages\/3901\/revisions"}],"predecessor-version":[{"id":5938,"href":"https:\/\/www.villaggiosanpaolo.com\/de\/wp-json\/wp\/v2\/pages\/3901\/revisions\/5938"}],"wp:featuredmedia":[{"embeddable":true,"href":"https:\/\/www.villaggiosanpaolo.com\/de\/wp-json\/wp\/v2\/media\/2679"}],"wp:attachment":[{"href":"https:\/\/www.villaggiosanpaolo.com\/de\/wp-json\/wp\/v2\/media?parent=3901"}],"curies":[{"name":"wp","href":"https:\/\/api.w.org\/{rel}","templated":true}]}}