{"id":3923,"date":"2023-07-20T12:13:22","date_gmt":"2023-07-20T10:13:22","guid":{"rendered":"https:\/\/www.villaggiosanpaolo.com\/ordnung-des-feriendorfs\/"},"modified":"2025-12-06T11:17:49","modified_gmt":"2025-12-06T10:17:49","slug":"ordnung-des-feriendorfs","status":"publish","type":"page","link":"https:\/\/www.villaggiosanpaolo.com\/de\/ordnung-des-feriendorfs\/","title":{"rendered":"Ordnung des Feriendorfs und Preisliste"},"content":{"rendered":"<div  class=\"grids-section four-servces-boxes grids-is-advanced alignwide\" style=\"--_gs-gap-desktop:0px 0px;--_gs-m-desktop:0 0 0 0;--_gs-p-desktop:0 0 25px 0;--_gs-bg-desktop:#FFFFFF none;--_gs-bg-xp-desktop:0px;--_gs-zi-desktop:auto;--_gs-d-desktop:block;--_gs-mw-desktop:calc(100% - 0 - 0);--_gs-gap-tablet:0px 0px;--_gs-m-tablet:0 0 0 0;--_gs-p-tablet:0 0 25px 0;--_gs-bg-tablet:#FFFFFF none;--_gs-bg-xp-tablet:0px;--_gs-zi-tablet:auto;--_gs-d-tablet:block;--_gs-mw-tablet:calc(100% - 0 - 0);--_gs-gap-mobile:0px 0px;--_gs-m-mobile:0 0 0 0;--_gs-p-mobile:0 0 25px 0;--_gs-bg-mobile:#FFFFFF none;--_gs-bg-xp-mobile:0px;--_gs-zi-mobile:auto;--_gs-d-mobile:block;--_gs-mw-mobile:calc(100% - 0 - 0);--_gs-columns:12;--_gs-rows:6\"><div class=\"grids-s-w_i\">\n<div class=\"grids-area\" style=\"--_ga-column:1\/13;--_ga-row:1\/7;--_ga-m-desktop:0 0 0 0;--_ga-p-desktop:0 0 0 0;--_ga-bg-desktop:transparent none;--_ga-zi-desktop:auto;--_ga-d-desktop:flex;--_ga-mw-desktop:calc(100% - 0 - 0);--_ga-m-tablet:0 0 0 0;--_ga-p-tablet:0 0 0 0;--_ga-bg-tablet:transparent none;--_ga-zi-tablet:auto;--_ga-d-tablet:flex;--_ga-mw-tablet:calc(100% - 0 - 0);--_ga-m-mobile:0 0 0 0;--_ga-p-mobile:0 0 0 0;--_ga-bg-mobile:transparent none;--_ga-zi-mobile:auto;--_ga-d-mobile:flex;--_ga-mw-mobile:calc(100% - 0 - 0)\">\n\n<h2 class=\"wp-block-heading has-text-align-left\">Ordnung des Feriendorfs und Preisliste 2026<\/h2>\n\n\n\n<div data-wp-interactive=\"core\/file\" class=\"wp-block-file\"><object data-wp-bind--hidden=\"!state.hasPdfPreview\" hidden class=\"wp-block-file__embed\" data=\"https:\/\/www.villaggiosanpaolo.com\/wp-content\/uploads\/2025\/12\/SOMMER-2026-1.pdf\" type=\"application\/pdf\" style=\"width:100%;height:600px\" aria-label=\"Einbettung von SOMMER 2026.\"><\/object><a id=\"wp-block-file--media-0d6e4489-8ab7-42e8-8e9e-3eeb8e9dd701\" href=\"https:\/\/www.villaggiosanpaolo.com\/wp-content\/uploads\/2025\/12\/SOMMER-2026-1.pdf\">SOMMER 2026<\/a><a href=\"https:\/\/www.villaggiosanpaolo.com\/wp-content\/uploads\/2025\/12\/SOMMER-2026-1.pdf\" class=\"wp-block-file__button wp-element-button\" download aria-describedby=\"wp-block-file--media-0d6e4489-8ab7-42e8-8e9e-3eeb8e9dd701\">Download<\/a><\/div>\n\n\n\n<p>Nachstehend finden Sie n\u00fctzliche Informationen f\u00fcr Ihren Aufenthalt.\n        <\/p>\n\n\n\n<div style=\"height:20px\" aria-hidden=\"true\" class=\"wp-block-spacer\"><\/div>\n\n\n\n<h2 class=\"wp-block-heading has-text-align-left\">Erleben Sie das Villaggio\n        <\/h2>\n\n\n\n<div class=\"wp-block-advgb-accordions advgb-accordions-4f7188b6-91e2-4acb-bca5-469117f145c2 advgb-accordion-wrapper\">\n<div class=\"wp-block-advgb-accordion-item advgb-accordion-item advgb-dyn-5c6bf890\" style=\"margin-bottom:15px\"><div class=\"advgb-accordion-header\" style=\"background-color:#FFFFFF;color:#000000;border-style:solid;border-width:1px;border-radius:2px\"><span class=\"advgb-accordion-header-icon\"><svg fill=\"#000000\" xmlns=\"http:\/\/www.w3.org\/2000\/svg\" width=\"24\" height=\"24\" viewBox=\"0 0 24 24\"><path fill=\"none\" d=\"M0,0h24v24H0V0z\"><\/path><path d=\"M12,5.83L15.17,9l1.41-1.41L12,3L7.41,7.59L8.83,9L12,5.83z M12,18.17L8.83,15l-1.41,1.41L12,21l4.59-4.59L15.17,15 L12,18.17z\"><\/path><\/svg><\/span><h4 class=\"advgb-accordion-header-title\" style=\"color:inherit\">Ist es m\u00f6glich, die Unterkunft mit dem Auto zu erreichen?\n        <\/h4><\/div><div class=\"advgb-accordion-body\" style=\"border-style:solid !important;border-width:1px !important;border-color:undefined !important;border-top:none !important;border-radius:2px !important\">\n\n<p>Innerhalb des Dorfes sind <strong>keine motorisierten Fahrzeuge erlaubt.<\/strong> Die Zufahrt zu den Unterk\u00fcnften ist nur am Ankunfts-\/Abreisetag zum <strong>Ent- und Beladen<\/strong> des Gep\u00e4cks gestattet, wobei die <strong>Geschwindigkeitsbegrenzung von 10 km\/h<\/strong> eingehalten werden muss.\n         Die Fahrzeuge m\u00fcssen dann auf dem Parkplatz am Rande des Dorfes abgestellt werden (unbeaufsichtigtes Parken).\n        <\/p>\n\n<\/div><\/div>\n\n\n\n<div class=\"wp-block-advgb-accordion-item advgb-accordion-item advgb-dyn-8112d2f3\" style=\"margin-bottom:15px\"><div class=\"advgb-accordion-header\" style=\"background-color:#FFFFFF;color:#000000;border-style:solid;border-width:1px;border-radius:2px\"><span class=\"advgb-accordion-header-icon\"><svg fill=\"#000000\" xmlns=\"http:\/\/www.w3.org\/2000\/svg\" width=\"24\" height=\"24\" viewBox=\"0 0 24 24\"><path fill=\"none\" d=\"M0,0h24v24H0V0z\"><\/path><path d=\"M12,5.83L15.17,9l1.41-1.41L12,3L7.41,7.59L8.83,9L12,5.83z M12,18.17L8.83,15l-1.41,1.41L12,21l4.59-4.59L15.17,15 L12,18.17z\"><\/path><\/svg><\/span><h4 class=\"advgb-accordion-header-title\" style=\"color:inherit\">Sind Tiere erlaubt?\n        <\/h4><\/div><div class=\"advgb-accordion-body\" style=\"border-style:solid !important;border-width:1px !important;border-color:undefined !important;border-top:none !important;border-radius:2px !important\">\n\n<p>Tiere sind nicht erlaubt, ausgenommen <strong>Blindenhunde<\/strong> und <strong>Therapiehunde<\/strong> (letztere mit Nachweis des behandelnden Arztes).\n         Die Anwesenheit des zugelassenen Hundes muss in jedem Fall beim Check-in angegeben werden.\n         Beim Check-out werden <strong>30,00 \u20ac<\/strong> f\u00fcr die Desinfektion des Zimmers berechnet.\n        <\/p>\n\n<\/div><\/div>\n\n\n\n<div class=\"wp-block-advgb-accordion-item advgb-accordion-item advgb-dyn-93238820\" style=\"margin-bottom:15px\"><div class=\"advgb-accordion-header\" style=\"background-color:#FFFFFF;color:#000000;border-style:solid;border-width:1px;border-radius:2px\"><span class=\"advgb-accordion-header-icon\"><svg fill=\"#000000\" xmlns=\"http:\/\/www.w3.org\/2000\/svg\" width=\"24\" height=\"24\" viewBox=\"0 0 24 24\"><path fill=\"none\" d=\"M0,0h24v24H0V0z\"><\/path><path d=\"M12,5.83L15.17,9l1.41-1.41L12,3L7.41,7.59L8.83,9L12,5.83z M12,18.17L8.83,15l-1.41,1.41L12,21l4.59-4.59L15.17,15 L12,18.17z\"><\/path><\/svg><\/span><h4 class=\"advgb-accordion-header-title\" style=\"color:inherit\">Wir sind eine Gruppe von Minderj\u00e4hrigen: K\u00f6nnen wir im Dorf \u00fcbernachten?\n        <\/h4><\/div><div class=\"advgb-accordion-body\" style=\"border-style:solid !important;border-width:1px !important;border-color:undefined !important;border-top:none !important;border-radius:2px !important\">\n\n<p>Minderj\u00e4hrige werden nur in Begleitung ihrer <strong>Eltern oder einer anderen sorgeberechtigten Person<\/strong> aufgenommen, die eine entsprechende unterzeichnete Vollmacht vorweisen kann.\n        <\/p>\n\n<\/div><\/div>\n\n\n\n<div class=\"wp-block-advgb-accordion-item advgb-accordion-item advgb-dyn-578079c5\" style=\"margin-bottom:15px\"><div class=\"advgb-accordion-header\" style=\"background-color:#FFFFFF;color:#000000;border-style:solid;border-width:1px;border-radius:2px\"><span class=\"advgb-accordion-header-icon\"><svg fill=\"#000000\" xmlns=\"http:\/\/www.w3.org\/2000\/svg\" width=\"24\" height=\"24\" viewBox=\"0 0 24 24\"><path fill=\"none\" d=\"M0,0h24v24H0V0z\"><\/path><path d=\"M12,5.83L15.17,9l1.41-1.41L12,3L7.41,7.59L8.83,9L12,5.83z M12,18.17L8.83,15l-1.41,1.41L12,21l4.59-4.59L15.17,15 L12,18.17z\"><\/path><\/svg><\/span><h4 class=\"advgb-accordion-header-title\" style=\"color:inherit\">Kann ich das Dorf tags\u00fcber betreten?\n        <\/h4><\/div><div class=\"advgb-accordion-body\" style=\"border-style:solid !important;border-width:1px !important;border-color:undefined !important;border-top:none !important;border-radius:2px !important\">\n\n<p>Der Zutritt f\u00fcr Nicht-G\u00e4ste ist t\u00e4glich von <strong>8.00 Uhr bis 22.00 Uhr<\/strong> gegen Vorlage eines Ausweises m\u00f6glich.\n         Der Eintritt ist bis zu zwei Stunden <strong>frei<\/strong>, danach ist der Eintritt w\u00e4hrend der \u00d6ffnungszeiten an der Kasse zu entrichten.\n         Die G\u00e4ste erhalten ein <strong>Papierarmband<\/strong>, das sie w\u00e4hrend ihres Aufenthalts im Dorf tragen.\n        <\/p>\n\n<\/div><\/div>\n\n\n\n<div class=\"wp-block-advgb-accordion-item advgb-accordion-item advgb-dyn-2475ae6e\" style=\"margin-bottom:15px\"><div class=\"advgb-accordion-header\" style=\"background-color:#FFFFFF;color:#000000;border-style:solid;border-width:1px;border-radius:2px\"><span class=\"advgb-accordion-header-icon\"><svg fill=\"#000000\" xmlns=\"http:\/\/www.w3.org\/2000\/svg\" width=\"24\" height=\"24\" viewBox=\"0 0 24 24\"><path fill=\"none\" d=\"M0,0h24v24H0V0z\"><\/path><path d=\"M12,5.83L15.17,9l1.41-1.41L12,3L7.41,7.59L8.83,9L12,5.83z M12,18.17L8.83,15l-1.41,1.41L12,21l4.59-4.59L15.17,15 L12,18.17z\"><\/path><\/svg><\/span><h4 class=\"advgb-accordion-header-title\" style=\"color:inherit\">Kann ich meinen Grill benutzen?\n        <\/h4><\/div><div class=\"advgb-accordion-body\" style=\"border-style:solid !important;border-width:1px !important;border-color:undefined !important;border-top:none !important;border-radius:2px !important\">\n\n<p>Sie d\u00fcrfen Ihren <strong>eigenen Grill<\/strong> au\u00dferhalb der Wohneinheit nur benutzen, wenn er elektrisch ist.\n         <\/p>\n\n<\/div><\/div>\n<\/div>\n\n<\/div>\n<\/div><\/div>\n\n<div  class=\"grids-section four-servces-boxes grids-is-advanced alignwide\" style=\"--_gs-gap-desktop:0px 0px;--_gs-m-desktop:0 0 0 0;--_gs-p-desktop:25px 0 25px 0;--_gs-bg-desktop:#e8f1ea none;--_gs-bg-xp-desktop:0px;--_gs-zi-desktop:auto;--_gs-d-desktop:block;--_gs-mw-desktop:calc(100% - 0 - 0);--_gs-gap-tablet:0px 0px;--_gs-m-tablet:0 0 0 0;--_gs-p-tablet:25px 0 25px 0;--_gs-bg-tablet:#e8f1ea none;--_gs-bg-xp-tablet:0px;--_gs-zi-tablet:auto;--_gs-d-tablet:block;--_gs-mw-tablet:calc(100% - 0 - 0);--_gs-gap-mobile:0px 0px;--_gs-m-mobile:0 0 0 0;--_gs-p-mobile:25px 0 25px 0;--_gs-bg-mobile:#e8f1ea none;--_gs-bg-xp-mobile:0px;--_gs-zi-mobile:auto;--_gs-d-mobile:block;--_gs-mw-mobile:calc(100% - 0 - 0);--_gs-columns:12;--_gs-rows:6\"><div class=\"grids-s-w_i\">\n<div class=\"grids-area\" style=\"--_ga-column:1\/13;--_ga-row:1\/7;--_ga-m-desktop:0 0 0 0;--_ga-p-desktop:0 0 0 0;--_ga-bg-desktop:transparent none;--_ga-zi-desktop:auto;--_ga-d-desktop:flex;--_ga-mw-desktop:calc(100% - 0 - 0);--_ga-m-tablet:0 0 0 0;--_ga-p-tablet:0 0 0 0;--_ga-bg-tablet:transparent none;--_ga-zi-tablet:auto;--_ga-d-tablet:flex;--_ga-mw-tablet:calc(100% - 0 - 0);--_ga-m-mobile:0 0 0 0;--_ga-p-mobile:0 0 0 0;--_ga-bg-mobile:transparent none;--_ga-zi-mobile:auto;--_ga-d-mobile:flex;--_ga-mw-mobile:calc(100% - 0 - 0)\">\n\n<h2 class=\"wp-block-heading has-text-align-left\">\u00dcber Ihren Aufenthalt\n        <\/h2>\n\n\n\n<div class=\"wp-block-advgb-accordions advgb-accordions-d7a148aa-1b49-432d-8505-c9355b45e6cd advgb-accordion-wrapper\">\n<div class=\"wp-block-advgb-accordion-item advgb-accordion-item\" style=\"margin-bottom:15px\"><div class=\"advgb-accordion-header\" style=\"background-color:#e8f1ea;color:#000000;border-style:solid;border-width:1px;border-radius:2px\"><span class=\"advgb-accordion-header-icon accordion-state\"><svg class=\"advgb-icon-closed\" fill=\"#000000\" xmlns=\"http:\/\/www.w3.org\/2000\/svg\" width=\"24\" height=\"24\" viewBox=\"0 0 24 24\"><path fill=\"none\" d=\"M0,0h24v24H0V0z\"><\/path><path d=\"M12,5.83L15.17,9l1.41-1.41L12,3L7.41,7.59L8.83,9L12,5.83z M12,18.17L8.83,15l-1.41,1.41L12,21l4.59-4.59L15.17,15 L12,18.17z\"><\/path><\/svg><svg class=\"advgb-icon-opened\" fill=\"#000000\" xmlns=\"http:\/\/www.w3.org\/2000\/svg\" width=\"24\" height=\"24\" viewBox=\"0 0 24 24\"><path fill=\"none\" d=\"M0,0h24v24H0V0z\"><\/path><path d=\"M7.41,18.59L8.83,20L12,16.83L15.17,20l1.41-1.41L12,14L7.41,18.59z M16.59,5.41L15.17,4L12,7.17L8.83,4L7.41,5.41L12,10L16.59,5.41z\"><\/path><\/svg><\/span><h4 class=\"advgb-accordion-header-title\" style=\"color:inherit\">Wann ist es m\u00f6glich, das Dorf am Tag der Ankunft zu betreten?<\/h4><\/div><div class=\"advgb-accordion-body\" style=\"border-style:solid !important;border-width:1px !important;border-color:undefined !important;border-top:none !important;border-radius:2px !important\">\n<p>Die Einheiten werden von <strong>16:30 Uhr bis 20:00 Uhr \u00fcbergeben und m\u00fcssen bis 10:00 Uhr ger\u00e4umt sein<\/strong>.          Sie k\u00f6nnen <strong>ab 8 Uhr morgens einchecken<\/strong> und das Feriendorf betreten, indem Sie Ihr Auto auf dem Parkplatz stehen lassen, bis Sie die Schl\u00fcssel erhalten.          Bei Ankunft nach 21:00 Uhr ist die <strong>Rezeption im Voraus zu benachrichtigen<\/strong>: ein Dokument ist beim Nachtw\u00e4chter zu hinterlegen, das am n\u00e4chsten Morgen beim Einchecken abgeholt werden kann.         <\/p>\n<\/div><\/div>\n\n\n\n<div class=\"wp-block-advgb-accordion-item advgb-accordion-item advgb-dyn-bbced458\" style=\"margin-bottom:15px\"><div class=\"advgb-accordion-header\" style=\"background-color:#e8f1ea;color:#000000;border-style:solid;border-width:1px;border-radius:2px\"><span class=\"advgb-accordion-header-icon\"><svg fill=\"#000000\" xmlns=\"http:\/\/www.w3.org\/2000\/svg\" width=\"24\" height=\"24\" viewBox=\"0 0 24 24\"><path fill=\"none\" d=\"M0,0h24v24H0V0z\"><\/path><path d=\"M12,5.83L15.17,9l1.41-1.41L12,3L7.41,7.59L8.83,9L12,5.83z M12,18.17L8.83,15l-1.41,1.41L12,21l4.59-4.59L15.17,15 L12,18.17z\"><\/path><\/svg><\/span><h4 class=\"advgb-accordion-header-title\" style=\"color:inherit\">Wenn ein Gast das Dorf f\u00fcr ein paar Tage verl\u00e4sst, zahlt er dann trotzdem f\u00fcr die N\u00e4chte, die er nicht vor Ort \u00fcbernachtet hat?\n        <\/h4><\/div><div class=\"advgb-accordion-body\" style=\"border-style:solid !important;border-width:1px !important;border-color:undefined !important;border-top:none !important;border-radius:2px !important\">\n\n<p>Nein, <strong>nicht in Anspruch genommene N\u00e4chte werden nicht gez\u00e4hlt<\/strong>.\n         Jeder ankommende\/abreisende Gast muss sich unbedingt an die Rezeption wenden, um sich ordnungsgem\u00e4\u00df anzumelden.\n         Nicht gemeldete Abwesenheiten k\u00f6nnen zum Zeitpunkt der Restzahlung des Aufenthalts nicht abgezogen werden.\n        <\/p>\n\n<\/div><\/div>\n\n\n\n<div class=\"wp-block-advgb-accordion-item advgb-accordion-item\" style=\"margin-bottom:15px\"><div class=\"advgb-accordion-header\" style=\"background-color:#e8f1ea;color:#000000;border-style:solid;border-width:1px;border-radius:2px\"><span class=\"advgb-accordion-header-icon accordion-state\"><svg class=\"advgb-icon-closed\" fill=\"#000000\" xmlns=\"http:\/\/www.w3.org\/2000\/svg\" width=\"24\" height=\"24\" viewBox=\"0 0 24 24\"><path fill=\"none\" d=\"M0,0h24v24H0V0z\"><\/path><path d=\"M12,5.83L15.17,9l1.41-1.41L12,3L7.41,7.59L8.83,9L12,5.83z M12,18.17L8.83,15l-1.41,1.41L12,21l4.59-4.59L15.17,15 L12,18.17z\"><\/path><\/svg><svg class=\"advgb-icon-opened\" fill=\"#000000\" xmlns=\"http:\/\/www.w3.org\/2000\/svg\" width=\"24\" height=\"24\" viewBox=\"0 0 24 24\"><path fill=\"none\" d=\"M0,0h24v24H0V0z\"><\/path><path d=\"M7.41,18.59L8.83,20L12,16.83L15.17,20l1.41-1.41L12,14L7.41,18.59z M16.59,5.41L15.17,4L12,7.17L8.83,4L7.41,5.41L12,10L16.59,5.41z\"><\/path><\/svg><\/span><h4 class=\"advgb-accordion-header-title\" style=\"color:inherit\">Welche Ger\u00e4te befinden sich in der K\u00fcche der Unterkunft?<\/h4><\/div><div class=\"advgb-accordion-body\" style=\"border-style:solid !important;border-width:1px !important;border-color:undefined !important;border-top:none !important;border-radius:2px !important\">\n<p>Jede K\u00fcche ist mit K\u00fcchenutensilien ausgestattet. Sie k\u00f6nnen eine Liste der in jeder Unterkunft vorhandenen K\u00fcchenger\u00e4te per E-Mail anfordern. <strong>Zus\u00e4tzliche<\/strong> Ger\u00e4te <strong>sind auf Anfrage und gegen eine Geb\u00fchr erh\u00e4ltlich,<\/strong> solange der Vorrat reicht.<\/p>\n<\/div><\/div>\n\n\n\n<div class=\"wp-block-advgb-accordion-item advgb-accordion-item\" style=\"margin-bottom:15px\"><div class=\"advgb-accordion-header\" style=\"background-color:#e8f1ea;color:#000000;border-style:solid;border-width:1px;border-radius:2px\"><span class=\"advgb-accordion-header-icon accordion-state\"><svg class=\"advgb-icon-closed\" fill=\"#000000\" xmlns=\"http:\/\/www.w3.org\/2000\/svg\" width=\"24\" height=\"24\" viewBox=\"0 0 24 24\"><path fill=\"none\" d=\"M0,0h24v24H0V0z\"><\/path><path d=\"M12,5.83L15.17,9l1.41-1.41L12,3L7.41,7.59L8.83,9L12,5.83z M12,18.17L8.83,15l-1.41,1.41L12,21l4.59-4.59L15.17,15 L12,18.17z\"><\/path><\/svg><svg class=\"advgb-icon-opened\" fill=\"#000000\" xmlns=\"http:\/\/www.w3.org\/2000\/svg\" width=\"24\" height=\"24\" viewBox=\"0 0 24 24\"><path fill=\"none\" d=\"M0,0h24v24H0V0z\"><\/path><path d=\"M7.41,18.59L8.83,20L12,16.83L15.17,20l1.41-1.41L12,14L7.41,18.59z M16.59,5.41L15.17,4L12,7.17L8.83,4L7.41,5.41L12,10L16.59,5.41z\"><\/path><\/svg><\/span><h4 class=\"advgb-accordion-header-title\" style=\"color:inherit\">Wie soll ich die Unterkunft am Tag der Abreise verlassen?<\/h4><\/div><div class=\"advgb-accordion-body\" style=\"border-style:solid !important;border-width:1px !important;border-color:undefined !important;border-top:none !important;border-radius:2px !important\">\n<p>Bei der Abreise muss die Unterkunft <strong>aufger\u00e4umt<\/strong>, der <strong>K\u00fcchenbereich sauber<\/strong> und der <strong>K\u00fchlschrank eingeschaltet und bereits abgetaut<\/strong> sein, am besten am Vortag.      Es d\u00fcrfen keine Abf\u00e4lle zur\u00fcckgelassen werden, und die gemietete W\u00e4sche muss in einem Sack verstaut werden (ausgenommen die W\u00e4sche in den Bellavista-Zimmern).          Der Schl\u00fcssel f\u00fcr die Unterkunft muss an den Wechseltagen (Samstag und Sonntag) <strong>bis 10 Uhr an der Rezeption<\/strong> am Schalter Nr. 5 abgegeben werden.          Bei Nichteinhaltung mindestens einer der aufgef\u00fchrten Angaben k\u00f6nnen Geb\u00fchren in H\u00f6he von <strong>50,00\u20ac<\/strong> erhoben werden, auch wenn die Abreise bereits erfolgt ist, durch Zusendung einer Quittung per E-Mail oder Post, die per Bank\u00fcberweisung oder in den ODAR-B\u00fcros zu begleichen ist.         <\/p>\n<\/div><\/div>\n\n\n\n<div class=\"wp-block-advgb-accordion-item advgb-accordion-item advgb-dyn-d64917ca\" style=\"margin-bottom:15px\"><div class=\"advgb-accordion-header\" style=\"background-color:#e8f1ea;color:#000000;border-style:solid;border-width:1px;border-radius:2px\"><span class=\"advgb-accordion-header-icon\"><svg fill=\"#000000\" xmlns=\"http:\/\/www.w3.org\/2000\/svg\" width=\"24\" height=\"24\" viewBox=\"0 0 24 24\"><path fill=\"none\" d=\"M0,0h24v24H0V0z\"><\/path><path d=\"M12,5.83L15.17,9l1.41-1.41L12,3L7.41,7.59L8.83,9L12,5.83z M12,18.17L8.83,15l-1.41,1.41L12,21l4.59-4.59L15.17,15 L12,18.17z\"><\/path><\/svg><\/span><h4 class=\"advgb-accordion-header-title\" style=\"color:inherit\">Darf ich im Dorf bleiben, nachdem ich meine Unterkunft verlassen und meine Schl\u00fcssel abgegeben habe?\n        <\/h4><\/div><div class=\"advgb-accordion-body\" style=\"border-style:solid !important;border-width:1px !important;border-color:undefined !important;border-top:none !important;border-radius:2px !important\">\n\n<p>Am Abreisetag ist es nach der Schl\u00fcssel\u00fcbergabe m\u00f6glich, gem\u00e4\u00df den Regeln f\u00fcr Tagesg\u00e4ste <strong>im Feriendorf zu bleiben<\/strong>.\n        <\/p>\n\n<\/div><\/div>\n\n\n\n<div class=\"wp-block-advgb-accordion-item advgb-accordion-item advgb-dyn-8404a1b8\" style=\"margin-bottom:15px\"><div class=\"advgb-accordion-header\" style=\"background-color:#e8f1ea;color:#000000;border-style:solid;border-width:1px;border-radius:2px\"><span class=\"advgb-accordion-header-icon\"><svg fill=\"#000000\" xmlns=\"http:\/\/www.w3.org\/2000\/svg\" width=\"24\" height=\"24\" viewBox=\"0 0 24 24\"><path fill=\"none\" d=\"M0,0h24v24H0V0z\"><\/path><path d=\"M12,5.83L15.17,9l1.41-1.41L12,3L7.41,7.59L8.83,9L12,5.83z M12,18.17L8.83,15l-1.41,1.41L12,21l4.59-4.59L15.17,15 L12,18.17z\"><\/path><\/svg><\/span><h4 class=\"advgb-accordion-header-title\" style=\"color:inherit\">Ist es m\u00f6glich, vor Ort nicht in Anspruch genommene Leistungen zu stornieren, die zum Zeitpunkt der Buchung angefordert oder bereits bezahlt wurden?\n        <\/h4><\/div><div class=\"advgb-accordion-body\" style=\"border-style:solid !important;border-width:1px !important;border-color:undefined !important;border-top:none !important;border-radius:2px !important\">\n\n<p>Gebuchte und\/oder bereits bezahlte, aber nicht in Anspruch genommene Leistungen k\u00f6nnen nicht verg\u00fcnstigt oder r\u00fcckerstattet werden. <strong>Eine R\u00fcckerstattung ist nicht vorgesehen<\/strong>.\n        <\/p>\n\n<\/div><\/div>\n<\/div>\n\n<\/div>\n<\/div><\/div>\n\n<div  class=\"grids-section four-servces-boxes grids-is-advanced alignwide\" style=\"--_gs-gap-desktop:0px 0px;--_gs-m-desktop:0 0 0 0;--_gs-p-desktop:25px 0 25px 0;--_gs-bg-desktop:#FFFFFF none;--_gs-bg-xp-desktop:0px;--_gs-zi-desktop:auto;--_gs-d-desktop:block;--_gs-mw-desktop:calc(100% - 0 - 0);--_gs-gap-tablet:0px 0px;--_gs-m-tablet:0 0 0 0;--_gs-p-tablet:25px 0 25px 0;--_gs-bg-tablet:#FFFFFF none;--_gs-bg-xp-tablet:0px;--_gs-zi-tablet:auto;--_gs-d-tablet:block;--_gs-mw-tablet:calc(100% - 0 - 0);--_gs-gap-mobile:0px 0px;--_gs-m-mobile:0 0 0 0;--_gs-p-mobile:25px 0 25px 0;--_gs-bg-mobile:#FFFFFF none;--_gs-bg-xp-mobile:0px;--_gs-zi-mobile:auto;--_gs-d-mobile:block;--_gs-mw-mobile:calc(100% - 0 - 0);--_gs-columns:12;--_gs-rows:6\"><div class=\"grids-s-w_i\">\n<div class=\"grids-area\" style=\"--_ga-column:1\/13;--_ga-row:1\/7;--_ga-m-desktop:0 0 0 0;--_ga-p-desktop:0 0 0 0;--_ga-bg-desktop:transparent none;--_ga-zi-desktop:auto;--_ga-d-desktop:flex;--_ga-mw-desktop:calc(100% - 0 - 0);--_ga-m-tablet:0 0 0 0;--_ga-p-tablet:0 0 0 0;--_ga-bg-tablet:transparent none;--_ga-zi-tablet:auto;--_ga-d-tablet:flex;--_ga-mw-tablet:calc(100% - 0 - 0);--_ga-m-mobile:0 0 0 0;--_ga-p-mobile:0 0 0 0;--_ga-bg-mobile:transparent none;--_ga-zi-mobile:auto;--_ga-d-mobile:flex;--_ga-mw-mobile:calc(100% - 0 - 0)\">\n\n<h2 class=\"wp-block-heading has-text-align-left\">Campingbereich\n        <\/h2>\n\n\n\n<div class=\"wp-block-advgb-accordions advgb-accordions-1c8fbf18-412b-4195-b357-e62a29b185a2 advgb-accordion-wrapper\">\n<div class=\"wp-block-advgb-accordion-item advgb-accordion-item advgb-dyn-661aa082\" style=\"margin-bottom:15px\"><div class=\"advgb-accordion-header\" style=\"background-color:#FFFFFF;color:#000000;border-style:solid;border-width:1px;border-radius:2px\"><span class=\"advgb-accordion-header-icon\"><svg fill=\"#000000\" xmlns=\"http:\/\/www.w3.org\/2000\/svg\" width=\"24\" height=\"24\" viewBox=\"0 0 24 24\"><path fill=\"none\" d=\"M0,0h24v24H0V0z\"><\/path><path d=\"M12,5.83L15.17,9l1.41-1.41L12,3L7.41,7.59L8.83,9L12,5.83z M12,18.17L8.83,15l-1.41,1.41L12,21l4.59-4.59L15.17,15 L12,18.17z\"><\/path><\/svg><\/span><h4 class=\"advgb-accordion-header-title\" style=\"color:inherit\">Ab wann kann ich den Stellplatz betreten und ab wann muss er ger\u00e4umt werden?\n        <\/h4><\/div><div class=\"advgb-accordion-body\" style=\"border-style:solid !important;border-width:1px !important;border-color:undefined !important;border-top:none !important;border-radius:2px !important\">\n\n<p>Die Stellpl\u00e4tze werden von <strong>15:30 Uhr bis 22:00 Uhr \u00fcbergeben und m\u00fcssen bis 12:00 Uhr ger\u00e4umt sein<\/strong>.\n        <\/p>\n\n<\/div><\/div>\n\n\n\n<div class=\"wp-block-advgb-accordion-item advgb-accordion-item advgb-dyn-710fb039\" style=\"margin-bottom:15px\"><div class=\"advgb-accordion-header\" style=\"background-color:#FFFFFF;color:#000000;border-style:solid;border-width:1px;border-radius:2px\"><span class=\"advgb-accordion-header-icon\"><svg fill=\"#000000\" xmlns=\"http:\/\/www.w3.org\/2000\/svg\" width=\"24\" height=\"24\" viewBox=\"0 0 24 24\"><path fill=\"none\" d=\"M0,0h24v24H0V0z\"><\/path><path d=\"M12,5.83L15.17,9l1.41-1.41L12,3L7.41,7.59L8.83,9L12,5.83z M12,18.17L8.83,15l-1.41,1.41L12,21l4.59-4.59L15.17,15 L12,18.17z\"><\/path><\/svg><\/span><h4 class=\"advgb-accordion-header-title\" style=\"color:inherit\">Ist es m\u00f6glich, ein Zelt aufzustellen, selbst ein kleines?\n        <\/h4><\/div><div class=\"advgb-accordion-body\" style=\"border-style:solid !important;border-width:1px !important;border-color:undefined !important;border-top:none !important;border-radius:2px !important\">\n\n<p>Es ist <strong>verboten<\/strong>, im Villaggio Zelte aufzustellen.\n        <\/p>\n\n<\/div><\/div>\n\n\n\n<div class=\"wp-block-advgb-accordion-item advgb-accordion-item advgb-dyn-2475ae6e\" style=\"margin-bottom:15px\"><div class=\"advgb-accordion-header\" style=\"background-color:#FFFFFF;color:#000000;border-style:solid;border-width:1px;border-radius:2px\"><span class=\"advgb-accordion-header-icon\"><svg fill=\"#000000\" xmlns=\"http:\/\/www.w3.org\/2000\/svg\" width=\"24\" height=\"24\" viewBox=\"0 0 24 24\"><path fill=\"none\" d=\"M0,0h24v24H0V0z\"><\/path><path d=\"M12,5.83L15.17,9l1.41-1.41L12,3L7.41,7.59L8.83,9L12,5.83z M12,18.17L8.83,15l-1.41,1.41L12,21l4.59-4.59L15.17,15 L12,18.17z\"><\/path><\/svg><\/span><h4 class=\"advgb-accordion-header-title\" style=\"color:inherit\">Kann ich meinen Grill benutzen?\n        <\/h4><\/div><div class=\"advgb-accordion-body\" style=\"border-style:solid !important;border-width:1px !important;border-color:undefined !important;border-top:none !important;border-radius:2px !important\">\n\n<p>Sie d\u00fcrfen Ihren eigenen <strong>Grill<\/strong> auf dem Platz nur benutzen, wenn er <strong>mit Gas oder elektrisch<\/strong> betrieben wird.\n        <\/p>\n\n<\/div><\/div>\n\n\n\n<div class=\"wp-block-advgb-accordion-item advgb-accordion-item advgb-dyn-ffce10f0\" style=\"margin-bottom:15px\"><div class=\"advgb-accordion-header\" style=\"background-color:#FFFFFF;color:#000000;border-style:solid;border-width:1px;border-radius:2px\"><span class=\"advgb-accordion-header-icon\"><svg fill=\"#000000\" xmlns=\"http:\/\/www.w3.org\/2000\/svg\" width=\"24\" height=\"24\" viewBox=\"0 0 24 24\"><path fill=\"none\" d=\"M0,0h24v24H0V0z\"><\/path><path d=\"M12,5.83L15.17,9l1.41-1.41L12,3L7.41,7.59L8.83,9L12,5.83z M12,18.17L8.83,15l-1.41,1.41L12,21l4.59-4.59L15.17,15 L12,18.17z\"><\/path><\/svg><\/span><h4 class=\"advgb-accordion-header-title\" style=\"color:inherit\">Wo kann ich den Abwassertank entleeren?\n        <\/h4><\/div><div class=\"advgb-accordion-body\" style=\"border-style:solid !important;border-width:1px !important;border-color:undefined !important;border-top:none !important;border-radius:2px !important\">\n\n<p><strong>Es ist Pflicht<\/strong>, den Abwassertank au\u00dferhalb der Ruhezeiten in dem speziellen Bereich am Ausgang des internen Parkplatzes zu entleeren.\n        <\/p>\n\n<\/div><\/div>\n<\/div>\n\n<\/div>\n<\/div><\/div>\n\n<div  class=\"grids-section four-servces-boxes grids-is-advanced alignwide\" style=\"--_gs-gap-desktop:0px 0px;--_gs-m-desktop:0 0 0 0;--_gs-p-desktop:25px 0 25px 0;--_gs-bg-desktop:#e8f1ea none;--_gs-bg-xp-desktop:0px;--_gs-zi-desktop:auto;--_gs-d-desktop:block;--_gs-mw-desktop:calc(100% - 0 - 0);--_gs-gap-tablet:0px 0px;--_gs-m-tablet:0 0 0 0;--_gs-p-tablet:25px 0 25px 0;--_gs-bg-tablet:#e8f1ea none;--_gs-bg-xp-tablet:0px;--_gs-zi-tablet:auto;--_gs-d-tablet:block;--_gs-mw-tablet:calc(100% - 0 - 0);--_gs-gap-mobile:0px 0px;--_gs-m-mobile:0 0 0 0;--_gs-p-mobile:25px 0 25px 0;--_gs-bg-mobile:#e8f1ea none;--_gs-bg-xp-mobile:0px;--_gs-zi-mobile:auto;--_gs-d-mobile:block;--_gs-mw-mobile:calc(100% - 0 - 0);--_gs-columns:12;--_gs-rows:6\"><div class=\"grids-s-w_i\">\n<div class=\"grids-area\" style=\"--_ga-column:1\/13;--_ga-row:1\/7;--_ga-m-desktop:0 0 0 0;--_ga-p-desktop:0 0 0 0;--_ga-bg-desktop:transparent none;--_ga-zi-desktop:auto;--_ga-d-desktop:flex;--_ga-mw-desktop:calc(100% - 0 - 0);--_ga-m-tablet:0 0 0 0;--_ga-p-tablet:0 0 0 0;--_ga-bg-tablet:transparent none;--_ga-zi-tablet:auto;--_ga-d-tablet:flex;--_ga-mw-tablet:calc(100% - 0 - 0);--_ga-m-mobile:0 0 0 0;--_ga-p-mobile:0 0 0 0;--_ga-bg-mobile:transparent none;--_ga-zi-mobile:auto;--_ga-d-mobile:flex;--_ga-mw-mobile:calc(100% - 0 - 0)\">\n\n<h2 class=\"wp-block-heading has-text-align-left\">Strand\n        <\/h2>\n\n\n\n<div class=\"wp-block-advgb-accordions advgb-accordions-c6acb417-7fee-45db-958d-a54bfe22a7eb advgb-accordion-wrapper\">\n<div class=\"wp-block-advgb-accordion-item advgb-accordion-item\" style=\"margin-bottom:15px\"><div class=\"advgb-accordion-header\" style=\"background-color:#e8f1ea;color:#000000;border-style:solid;border-width:1px;border-radius:2px\"><span class=\"advgb-accordion-header-icon accordion-state\"><svg class=\"advgb-icon-closed\" fill=\"#000000\" xmlns=\"http:\/\/www.w3.org\/2000\/svg\" width=\"24\" height=\"24\" viewBox=\"0 0 24 24\"><path fill=\"none\" d=\"M0,0h24v24H0V0z\"><\/path><path d=\"M12,5.83L15.17,9l1.41-1.41L12,3L7.41,7.59L8.83,9L12,5.83z M12,18.17L8.83,15l-1.41,1.41L12,21l4.59-4.59L15.17,15 L12,18.17z\"><\/path><\/svg><svg class=\"advgb-icon-opened\" fill=\"#000000\" xmlns=\"http:\/\/www.w3.org\/2000\/svg\" width=\"24\" height=\"24\" viewBox=\"0 0 24 24\"><path fill=\"none\" d=\"M0,0h24v24H0V0z\"><\/path><path d=\"M7.41,18.59L8.83,20L12,16.83L15.17,20l1.41-1.41L12,14L7.41,18.59z M16.59,5.41L15.17,4L12,7.17L8.83,4L7.41,5.41L12,10L16.59,5.41z\"><\/path><\/svg><\/span><h4 class=\"advgb-accordion-header-title\" style=\"color:inherit\">Ist es m\u00f6glich, eine freie Fl\u00e4che f\u00fcr die eigene Ausr\u00fcstung zu nutzen?<\/h4><\/div><div class=\"advgb-accordion-body\" style=\"border-style:solid !important;border-width:1px !important;border-color:undefined !important;border-top:none !important;border-radius:2px !important\">\n<p>Les parasols et les chaises longues priv\u00e9es peuvent \u00eatre plac\u00e9s librement dans les zones situ\u00e9es \u00e0 l&#8217;ext\u00e9rieur de la 1\u00e8re et de la 4\u00e8me entr\u00e9e. Ils doivent \u00eatre enlev\u00e9s le soir et ramen\u00e9s \u00e0 l&#8217;h\u00e9bergement pour permettre le nettoyage et pour \u00e9viter les vols ou les dommages accidentels pour lesquels le village n&#8217;est pas responsable. Sonnenschirme und private Liegest\u00fchle k\u00f6nnen in den Bereichen au\u00dferhalb des 1. und 4. Eingangs frei aufgestellt werden. Sie m\u00fcssen am Abend entfernt und zur Unterkunft zur\u00fcckgebracht werden, um die Reinigung zu erm\u00f6glichen und um Diebst\u00e4hle oder zuf\u00e4llige Sch\u00e4den zu vermeiden, f\u00fcr die das Feriendorf nicht haftbar gemacht werden kann.<\/p>\n<\/div><\/div>\n\n\n\n<div class=\"wp-block-advgb-accordion-item advgb-accordion-item advgb-dyn-913e04dc\" style=\"margin-bottom:15px\"><div class=\"advgb-accordion-header\" style=\"background-color:#e8f1ea;color:#000000;border-style:solid;border-width:1px;border-radius:2px\"><span class=\"advgb-accordion-header-icon\"><svg fill=\"#000000\" xmlns=\"http:\/\/www.w3.org\/2000\/svg\" width=\"24\" height=\"24\" viewBox=\"0 0 24 24\"><path fill=\"none\" d=\"M0,0h24v24H0V0z\"><\/path><path d=\"M12,5.83L15.17,9l1.41-1.41L12,3L7.41,7.59L8.83,9L12,5.83z M12,18.17L8.83,15l-1.41,1.41L12,21l4.59-4.59L15.17,15 L12,18.17z\"><\/path><\/svg><\/span><h4 class=\"advgb-accordion-header-title\" style=\"color:inherit\">Ist es m\u00f6glich, einen Steg zum freien Bereich zu haben?\n        <\/h4><\/div><div class=\"advgb-accordion-body\" style=\"border-style:solid !important;border-width:1px !important;border-color:undefined !important;border-top:none !important;border-radius:2px !important\">\n\n<p>Das Feriendorf bietet Menschen mit Behinderungen, die dies w\u00fcnschen, einen <strong>Laufsteg<\/strong>, um auch ihren Sonnenschirm neben den beiden Holzstegen au\u00dferhalb des reservierten Bereichs aufzustellen.\n         Anfragen f\u00fcr zus\u00e4tzliche bewegliche Plattformen am 1. und 4. Zugang oder f\u00fcr Stege am 5. Zugang zum Meer k\u00f6nnen gegen eine Geb\u00fchr erf\u00fcllt werden.\n         <\/p>\n\n<\/div><\/div>\n<\/div>\n\n<\/div>\n<\/div><\/div>","protected":false},"excerpt":{"rendered":"","protected":false},"author":1,"featured_media":2679,"parent":0,"menu_order":0,"comment_status":"closed","ping_status":"closed","template":"","meta":{"_acf_changed":false,"_seopress_robots_primary_cat":"","_seopress_titles_title":"%%post_title%% %%sep%% %%sitetitle%%\n        ","_seopress_titles_desc":"Entdecken Sie n\u00fctzliche Informationen f\u00fcr Ihren Aufenthalt im Villaggio San Paolo in Cavallino (Venedig)\n        ","_seopress_robots_index":"","advgb_blocks_editor_width":"","advgb_blocks_columns_visual_guide":"","footnotes":""},"class_list":["post-3923","page","type-page","status-publish","has-post-thumbnail","hentry","entry"],"acf":[],"coauthors":[],"author_meta":{"author_link":"https:\/\/www.villaggiosanpaolo.com\/de\/author\/ales-ckgmi8c90\/","display_name":"ales-ckgmi8c90"},"relative_dates":{"created":"Posted 3\u00a0Jahren ago","modified":"Updated 5\u00a0Monaten ago"},"absolute_dates":{"created":"Posted on Juli 20, 2023","modified":"Updated on Dezember 6, 2025"},"absolute_dates_time":{"created":"Posted on Juli 20, 2023 12:13 p.m.","modified":"Updated on Dezember 6, 2025 11:17 a.m."},"featured_img_caption":"","featured_img":"https:\/\/www.villaggiosanpaolo.com\/wp-content\/uploads\/2023\/06\/villagio-san-paolo-cavallino-reception-banner-1568x784.jpg","series_order":"","_links":{"self":[{"href":"https:\/\/www.villaggiosanpaolo.com\/de\/wp-json\/wp\/v2\/pages\/3923","targetHints":{"allow":["GET"]}}],"collection":[{"href":"https:\/\/www.villaggiosanpaolo.com\/de\/wp-json\/wp\/v2\/pages"}],"about":[{"href":"https:\/\/www.villaggiosanpaolo.com\/de\/wp-json\/wp\/v2\/types\/page"}],"author":[{"embeddable":true,"href":"https:\/\/www.villaggiosanpaolo.com\/de\/wp-json\/wp\/v2\/users\/1"}],"replies":[{"embeddable":true,"href":"https:\/\/www.villaggiosanpaolo.com\/de\/wp-json\/wp\/v2\/comments?post=3923"}],"version-history":[{"count":14,"href":"https:\/\/www.villaggiosanpaolo.com\/de\/wp-json\/wp\/v2\/pages\/3923\/revisions"}],"predecessor-version":[{"id":6667,"href":"https:\/\/www.villaggiosanpaolo.com\/de\/wp-json\/wp\/v2\/pages\/3923\/revisions\/6667"}],"wp:featuredmedia":[{"embeddable":true,"href":"https:\/\/www.villaggiosanpaolo.com\/de\/wp-json\/wp\/v2\/media\/2679"}],"wp:attachment":[{"href":"https:\/\/www.villaggiosanpaolo.com\/de\/wp-json\/wp\/v2\/media?parent=3923"}],"curies":[{"name":"wp","href":"https:\/\/api.w.org\/{rel}","templated":true}]}}