{"id":3808,"date":"2023-07-20T12:13:08","date_gmt":"2023-07-20T10:13:08","guid":{"rendered":"https:\/\/www.villaggiosanpaolo.com\/accommodation\/appartements-bellavista\/"},"modified":"2025-12-20T16:06:09","modified_gmt":"2025-12-20T15:06:09","slug":"appartements-bellavista","status":"publish","type":"accommodation","link":"https:\/\/www.villaggiosanpaolo.com\/fr\/accommodation\/appartements-bellavista\/","title":{"rendered":"Appartements Bellavista"},"content":{"rendered":"\n<p>Au <strong>c\u0153ur<\/strong> de San Paolo, \u00e0 proximit\u00e9 du <strong>restaurant Bellavista<\/strong>, vous profiterez de l&rsquo;atmosph\u00e8re anim\u00e9e du village gr\u00e2ce \u00e0 sa situation centrale. Les appartements d\u2019<strong>une pi\u00e8ce<\/strong>, accessibles au <strong>rez-de-chauss\u00e9e<\/strong> et les <strong>appartements<\/strong> de deux pi\u00e8ces avec t\u00e9l\u00e9vision et four \u00e0 micro-ondes aux <strong>premier<\/strong> et <strong>deuxi\u00e8me<\/strong> \u00e9tages <strong>peuvent accueillir jusqu&rsquo;\u00e0 6 personnes<\/strong>. <\/p>\n","protected":false},"excerpt":{"rendered":"<p>Appartements situ\u00e9s au c\u0153ur du Villaggio San Paolo <\/p>\n","protected":false},"author":1,"featured_media":4973,"template":"","meta":{"_acf_changed":false,"_seopress_robots_primary_cat":"","_seopress_titles_title":"%%post_title%% %%sep%% %%sitetitle%% ","_seopress_titles_desc":"Les appartements Bellavista du Villaggio San Paolo \u00e0 Cavallino (VE) sont des appartements d'une et deux pi\u00e8ces, situ\u00e9s au c\u0153ur de San Paolo qui vous permettront de profiter de l'atmosph\u00e8re anim\u00e9e de la station. ","_seopress_robots_index":"","advgb_blocks_editor_width":"","advgb_blocks_columns_visual_guide":"","footnotes":""},"accommodation_categories":[14],"class_list":["post-3808","accommodation","type-accommodation","status-publish","has-post-thumbnail","hentry","entry"],"acf":[],"featured_img":"https:\/\/www.villaggiosanpaolo.com\/wp-content\/uploads\/2023\/05\/Appartamenti-Bellavista.jpg","coauthors":[],"author_meta":{"author_link":"https:\/\/www.villaggiosanpaolo.com\/fr\/author\/ales-ckgmi8c90\/","display_name":"ales-ckgmi8c90"},"relative_dates":{"created":"Publi\u00e9 3 ans il y a","modified":"Mis \u00e0 jour 4 mois il y a"},"absolute_dates":{"created":"Publi\u00e9 le juillet 20, 2023","modified":"Mise \u00e0 jour le d\u00e9cembre 20, 2025"},"absolute_dates_time":{"created":"Publi\u00e9 le juillet 20, 2023 12:13 pm","modified":"Mise \u00e0 jour le d\u00e9cembre 20, 2025 4:06 pm"},"featured_img_caption":"","tax_additional":{"accommodation_categories":{"linked":["<a href=\"https:\/\/www.villaggiosanpaolo.com\/fr\/accommodation_categories\/appartamenti\/\" class=\"advgb-post-tax-term\">Appartamenti<\/a>"],"unlinked":["<span class=\"advgb-post-tax-term\">Appartamenti<\/span>"],"slug":"accommodation_categories","name":"Cat\u00e9gories"},"translation_priority":{"linked":["<a href=\"https:\/\/www.villaggiosanpaolo.com\/fr\/?taxonomy=translation_priority&#038;term=facultatif\" class=\"advgb-post-tax-term\">Facultatif<\/a>"],"unlinked":["<span class=\"advgb-post-tax-term\">Facultatif<\/span>"],"slug":"translation_priority","name":"Priorit\u00e9s de traduction"}},"series_order":"","_links":{"self":[{"href":"https:\/\/www.villaggiosanpaolo.com\/fr\/wp-json\/wp\/v2\/accommodation\/3808","targetHints":{"allow":["GET"]}}],"collection":[{"href":"https:\/\/www.villaggiosanpaolo.com\/fr\/wp-json\/wp\/v2\/accommodation"}],"about":[{"href":"https:\/\/www.villaggiosanpaolo.com\/fr\/wp-json\/wp\/v2\/types\/accommodation"}],"author":[{"embeddable":true,"href":"https:\/\/www.villaggiosanpaolo.com\/fr\/wp-json\/wp\/v2\/users\/1"}],"version-history":[{"count":2,"href":"https:\/\/www.villaggiosanpaolo.com\/fr\/wp-json\/wp\/v2\/accommodation\/3808\/revisions"}],"predecessor-version":[{"id":6787,"href":"https:\/\/www.villaggiosanpaolo.com\/fr\/wp-json\/wp\/v2\/accommodation\/3808\/revisions\/6787"}],"wp:featuredmedia":[{"embeddable":true,"href":"https:\/\/www.villaggiosanpaolo.com\/fr\/wp-json\/wp\/v2\/media\/4973"}],"wp:attachment":[{"href":"https:\/\/www.villaggiosanpaolo.com\/fr\/wp-json\/wp\/v2\/media?parent=3808"}],"wp:term":[{"taxonomy":"accommodation_categories","embeddable":true,"href":"https:\/\/www.villaggiosanpaolo.com\/fr\/wp-json\/wp\/v2\/accommodation_categories?post=3808"}],"curies":[{"name":"wp","href":"https:\/\/api.w.org\/{rel}","templated":true}]}}