{"id":3765,"date":"2023-07-20T12:13:02","date_gmt":"2023-07-20T10:13:02","guid":{"rendered":"https:\/\/www.villaggiosanpaolo.com\/evenements\/"},"modified":"2025-03-19T12:51:08","modified_gmt":"2025-03-19T11:51:08","slug":"evenements","status":"publish","type":"page","link":"https:\/\/www.villaggiosanpaolo.com\/fr\/evenements\/","title":{"rendered":"\u00c9v\u00e9nements"},"content":{"rendered":"<div  class=\"grids-section grids-is-advanced alignwide\" style=\"--_gs-gap-desktop:0px 0px;--_gs-m-desktop:0 0 0 0;--_gs-p-desktop:0 0 0 0;--_gs-bg-desktop:transparent none;--_gs-bg-xp-desktop:0px;--_gs-zi-desktop:auto;--_gs-d-desktop:block;--_gs-mw-desktop:calc(100% - 0 - 0);--_gs-gap-tablet:0px 0px;--_gs-m-tablet:0 0 0 0;--_gs-p-tablet:0 0 0 0;--_gs-bg-tablet:transparent none;--_gs-bg-xp-tablet:0px;--_gs-zi-tablet:auto;--_gs-d-tablet:block;--_gs-mw-tablet:calc(100% - 0 - 0);--_gs-gap-mobile:0px 0px;--_gs-m-mobile:0 0 0 0;--_gs-p-mobile:0 0 0 0;--_gs-bg-mobile:transparent none;--_gs-bg-xp-mobile:0px;--_gs-zi-mobile:auto;--_gs-d-mobile:block;--_gs-mw-mobile:calc(100% - 0 - 0);--_gs-columns:12;--_gs-rows:6\"><div class=\"grids-s-w_i\">\n<div class=\"grids-area\" style=\"--_ga-column:1\/13;--_ga-row:1\/7;--_ga-m-desktop:0 0 0 0;--_ga-p-desktop:0 0 0 0;--_ga-bg-desktop:transparent none;--_ga-zi-desktop:auto;--_ga-d-desktop:flex;--_ga-mw-desktop:calc(100% - 0 - 0);--_ga-m-tablet:0 0 0 0;--_ga-p-tablet:0 0 0 0;--_ga-bg-tablet:transparent none;--_ga-zi-tablet:auto;--_ga-d-tablet:flex;--_ga-mw-tablet:calc(100% - 0 - 0);--_ga-m-mobile:0 0 0 0;--_ga-p-mobile:0 0 0 0;--_ga-bg-mobile:transparent none;--_ga-zi-mobile:auto;--_ga-d-mobile:flex;--_ga-mw-mobile:calc(100% - 0 - 0)\">\n\n<h2 class=\"wp-block-heading has-text-align-center\">\u00c9v\u00e9nements <\/h2>\n\n\n\n<p class=\"has-text-align-center\">Le Villaggio San Paolo de Cavallino-Treporti est l&rsquo;endroit id\u00e9al pour organiser <strong>des \u00e9v\u00e9nements sp\u00e9ciaux tels que<\/strong> <strong>des conf\u00e9rences<\/strong>, <strong>des \u00e9v\u00e9nements d&rsquo;entreprise<\/strong> et bien plus encore. Notre <strong>personnel exp\u00e9riment\u00e9 et professionnel<\/strong> est toujours disponible pour r\u00e9pondre aux besoins de nos clients et veillera au moindre d\u00e9tail.<\/p>\n\n\n\n<p class=\"has-text-align-center\">En outre, nos espaces sont parfaits pour l&rsquo;organisation d&rsquo;<strong>\u00e9v\u00e9nements en plein air<\/strong>, avec la <strong>magnifique vue sur la mer<\/strong> comme toile de fond pour chaque occasion. <\/p>\n\n<\/div>\n<\/div><\/div>\n\n<div  class=\"grids-section white-image-background-row grids-is-advanced alignwide\" style=\"--_gs-gap-desktop:0px 0px;--_gs-m-desktop:0 0 0 0;--_gs-p-desktop:0 0 0 0;--_gs-bg-desktop:transparent url(https:\/\/www.villaggiosanpaolo.com\/wp-content\/uploads\/2023\/06\/villagio-san-paolo-cavallino-campi-sportivi-banner-01.jpg) no-repeat 50% 50%  \/ cover;--_gs-bg-xp-desktop:0px;--_gs-zi-desktop:auto;--_gs-d-desktop:block;--_gs-mw-desktop:calc(100% - 0 - 0);--_gs-gap-tablet:0px 0px;--_gs-m-tablet:0 0 0 0;--_gs-p-tablet:0 0 0 0;--_gs-bg-tablet:transparent url(https:\/\/www.villaggiosanpaolo.com\/wp-content\/uploads\/2023\/06\/villagio-san-paolo-cavallino-campi-sportivi-banner-01.jpg) no-repeat 50% 50%  \/ cover;--_gs-bg-xp-tablet:0px;--_gs-zi-tablet:auto;--_gs-d-tablet:block;--_gs-mw-tablet:calc(100% - 0 - 0);--_gs-gap-mobile:0px 0px;--_gs-m-mobile:0 0 0 0;--_gs-p-mobile:0 0 0 0;--_gs-bg-mobile:transparent url(https:\/\/www.villaggiosanpaolo.com\/wp-content\/uploads\/2023\/06\/villagio-san-paolo-cavallino-campi-sportivi-banner-01.jpg) no-repeat 50% 50%  \/ cover;--_gs-bg-xp-mobile:0px;--_gs-zi-mobile:auto;--_gs-d-mobile:block;--_gs-mw-mobile:calc(100% - 0 - 0);--_gs-columns:12;--_gs-rows:6\"><div class=\"grids-s-w_i\">\n<div class=\"grids-area animated slideInLeft\" style=\"--_ga-column:1\/7;--_ga-row:1\/7;--_ga-va:center;--_ga-m-desktop:0 0 0 0;--_ga-p-desktop:0 0 0 0;--_ga-bg-desktop:transparent none;--_ga-zi-desktop:auto;--_ga-d-desktop:flex;--_ga-mw-desktop:calc(100% - 0 - 0);--_ga-m-tablet:0 0 0 0;--_ga-p-tablet:0 0 0 0;--_ga-bg-tablet:transparent none;--_ga-zi-tablet:auto;--_ga-d-tablet:flex;--_ga-mw-tablet:calc(100% - 0 - 0);--_ga-m-mobile:0 0 0 0;--_ga-p-mobile:0 0 0 0;--_ga-bg-mobile:transparent none;--_ga-zi-mobile:auto;--_ga-d-mobile:flex;--_ga-mw-mobile:calc(100% - 0 - 0)\">\n\n<span class=\"label\">DIVERTISSEMENT \u00c0 VOLONT\u00c9 <\/span>\n\n\n\n<h2 class=\"wp-block-heading has-text-align-left has-black-color has-text-color\">Nos \u00e9v\u00e9nements <\/h2>\n\n\n\n<p>Le Villaggio San Paolo offre de nombreuses possibilit\u00e9s de divertissement. Les \u00e9v\u00e9nements comprennent des <strong>spectacles musicaux<\/strong>, des <strong>cabarets<\/strong> et divers <strong>tournois sportifs<\/strong>.<\/p>\n\n<\/div>\n<\/div><\/div>\n\n<div  id=\"spazi\" class=\"grids-section trasparent-box-row grids-is-advanced alignwide\" style=\"--_gs-gap-desktop:0px 0px;--_gs-m-desktop:0 0 0 0;--_gs-p-desktop:0 0 0 0;--_gs-bg-desktop:transparent url(https:\/\/www.villaggiosanpaolo.com\/wp-content\/uploads\/2023\/06\/villagio-san-paolo-cavallino-eventi-banner-07.jpg) no-repeat 50% 50%  \/ cover;--_gs-bg-xp-desktop:0px;--_gs-zi-desktop:auto;--_gs-d-desktop:block;--_gs-mw-desktop:calc(100% - 0 - 0);--_gs-gap-tablet:0px 0px;--_gs-m-tablet:0 0 0 0;--_gs-p-tablet:0 0 0 0;--_gs-bg-tablet:transparent url(https:\/\/www.villaggiosanpaolo.com\/wp-content\/uploads\/2023\/06\/villagio-san-paolo-cavallino-eventi-banner-07.jpg) no-repeat 50% 50%  \/ cover;--_gs-bg-xp-tablet:0px;--_gs-zi-tablet:auto;--_gs-d-tablet:block;--_gs-mw-tablet:calc(100% - 0 - 0);--_gs-gap-mobile:0px 0px;--_gs-m-mobile:0 0 0 0;--_gs-p-mobile:0 0 0 0;--_gs-bg-mobile:transparent url(https:\/\/www.villaggiosanpaolo.com\/wp-content\/uploads\/2023\/06\/villagio-san-paolo-cavallino-eventi-banner-07.jpg) no-repeat 50% 50%  \/ cover;--_gs-bg-xp-mobile:0px;--_gs-zi-mobile:auto;--_gs-d-mobile:block;--_gs-mw-mobile:calc(100% - 0 - 0);--_gs-columns:12;--_gs-rows:6\"><div class=\"grids-s-w_i\">\n<div class=\"grids-area animated slideInUp\" style=\"--_ga-column:1\/13;--_ga-row:1\/7;--_ga-m-desktop:0 0 0 0;--_ga-p-desktop:0 0 0 0;--_ga-bg-desktop:transparent none;--_ga-zi-desktop:auto;--_ga-d-desktop:flex;--_ga-mw-desktop:calc(100% - 0 - 0);--_ga-m-tablet:0 0 0 0;--_ga-p-tablet:0 0 0 0;--_ga-bg-tablet:transparent none;--_ga-zi-tablet:auto;--_ga-d-tablet:flex;--_ga-mw-tablet:calc(100% - 0 - 0);--_ga-m-mobile:0 0 0 0;--_ga-p-mobile:0 0 0 0;--_ga-bg-mobile:transparent none;--_ga-zi-mobile:auto;--_ga-d-mobile:flex;--_ga-mw-mobile:calc(100% - 0 - 0)\">\n\n<h2 class=\"wp-block-heading has-text-align-center\">Organisez votre \u00e9v\u00e9nement au Villaggio San Paolo <\/h2>\n\n\n\n<p class=\"has-text-align-center\">Si vous cherchez un endroit unique pour organiser votre \u00e9v\u00e9nement, le <strong>Villaggio San Paolo<\/strong> est chaussure \u00e0 votre pied. La station offre un large \u00e9ventail de services et d&rsquo;espaces adapt\u00e9s \u00e0 l&rsquo;organisation d&rsquo;\u00e9v\u00e9nements de toutes sortes, qu&rsquo;il s&rsquo;agisse de de <strong>f\u00eates priv\u00e9es<\/strong>, de <strong>conf\u00e9rences<\/strong> ou <strong>de r\u00e9unions d&rsquo;affaires<\/strong>.<\/p>\n\n\n\n<div class=\"wp-block-buttons is-layout-flex wp-block-buttons-is-layout-flex\">\n<div class=\"wp-block-button aligncenter is-style-outline is-style-outline--2\"><a class=\"wp-block-button__link wp-element-button\" href=\"https:\/\/www.villaggiosanpaolo.com\/it\/contatti\/\">CONTACTEZ-NOUS <\/a><\/div>\n<\/div>\n\n<\/div>\n<\/div><\/div>\n\n<div  class=\"grids-section swiper-cards-row grids-is-advanced alignwide\" style=\"--_gs-gap-desktop:0px 0px;--_gs-m-desktop:0 0 0 0;--_gs-p-desktop:0 0 0 0;--_gs-bg-desktop:#e8f1ea none;--_gs-bg-xp-desktop:0px;--_gs-zi-desktop:auto;--_gs-d-desktop:block;--_gs-mw-desktop:calc(100% - 0 - 0);--_gs-gap-tablet:0px 0px;--_gs-m-tablet:0 0 0 0;--_gs-p-tablet:0 0 0 0;--_gs-bg-tablet:#e8f1ea none;--_gs-bg-xp-tablet:0px;--_gs-zi-tablet:auto;--_gs-d-tablet:block;--_gs-mw-tablet:calc(100% - 0 - 0);--_gs-gap-mobile:0px 0px;--_gs-m-mobile:0 0 0 0;--_gs-p-mobile:0 0 0 0;--_gs-bg-mobile:#e8f1ea none;--_gs-bg-xp-mobile:0px;--_gs-zi-mobile:auto;--_gs-d-mobile:block;--_gs-mw-mobile:calc(100% - 0 - 0);--_gs-columns:12;--_gs-rows:6\"><div class=\"grids-s-w_i\">\n<div class=\"grids-area animated slideInRight\" style=\"--_ga-column:7\/13;--_ga-row:1\/7;--_ga-va:center;--_ga-m-desktop:0 0 0 0;--_ga-p-desktop:0 0 0 0;--_ga-bg-desktop:transparent none;--_ga-zi-desktop:auto;--_ga-d-desktop:flex;--_ga-mw-desktop:calc(100% - 0 - 0);--_ga-m-tablet:0 0 0 0;--_ga-p-tablet:0 0 0 0;--_ga-bg-tablet:transparent none;--_ga-zi-tablet:auto;--_ga-d-tablet:flex;--_ga-mw-tablet:calc(100% - 0 - 0);--_ga-m-mobile:0 0 0 0;--_ga-p-mobile:0 0 0 0;--_ga-bg-mobile:transparent none;--_ga-zi-mobile:auto;--_ga-d-mobile:flex;--_ga-mw-mobile:calc(100% - 0 - 0)\">\n\n<h3 class=\"wp-block-heading petal-top\">Vivez la station <\/h3>\n\n\n\n<h3 class=\"wp-block-heading\">Participez \u00e0 nos \u00e9v\u00e9nements <\/h3>\n\n\n\n<p>Chaque \u00e9t\u00e9, la station revient \u00e0 la vie&nbsp;! <\/p>\n\n\n\n<p>Venez nous rendre visite\u00a0! Le Villaggio San Paolo organise r\u00e9guli\u00e8rement des journ\u00e9es \u00e0 th\u00e8me, afin d&rsquo;offrir \u00e0 ses invit\u00e9s une exp\u00e9rience unique et captivante.<\/p>\n\n\n\n<p>Ces \u00e9v\u00e9nements sont l&rsquo;occasion id\u00e9ale de s&rsquo;immerger dans la culture et les traditions locales et non locales, de s&rsquo;amuser et de cr\u00e9er des souvenirs inoubliables pendant vos vacances. <\/p>\n\n<\/div>\n\n<div class=\"grids-area animated slideInLeft \" style=\"--_ga-column:1\/7;--_ga-row:1\/7;--_ga-va:center;--_ga-m-desktop:0 0 0 0;--_ga-p-desktop:0 0 0 0;--_ga-bg-desktop:transparent none;--_ga-zi-desktop:auto;--_ga-d-desktop:flex;--_ga-mw-desktop:calc(100% - 0 - 0);--_ga-m-tablet:0 0 0 0;--_ga-p-tablet:0 0 0 0;--_ga-bg-tablet:transparent none;--_ga-zi-tablet:auto;--_ga-d-tablet:flex;--_ga-mw-tablet:calc(100% - 0 - 0);--_ga-m-mobile:0 0 0 0;--_ga-p-mobile:0 0 0 0;--_ga-bg-mobile:transparent none;--_ga-zi-mobile:auto;--_ga-d-mobile:flex;--_ga-mw-mobile:calc(100% - 0 - 0)\">\n\n    <div class=\"pages-cards-container pages-cards-0\" id=\"pageCards_5\">\n        <div class=\"slider\">\n            <div class=\"swiper-wrapper\">\n                                                        <div class=\"pages-cards-single swiper-slide\">\n                        \n                            <figure class=\"full-width\">\n                                <img decoding=\"async\" src=\"https:\/\/www.villaggiosanpaolo.com\/wp-content\/uploads\/2023\/06\/villagio-san-paolo-cavallino-eventi-01.jpg\" title=\"Evento emozionante nel villaggio turistico\" alt=\"\" \/>\n                            <\/figure>\n                            <span>Des \u00e9v\u00e9nements toutes les semaines <\/span>\n\n                                            <\/div>\n                                                        <div class=\"pages-cards-single swiper-slide\">\n                        \n                            <figure class=\"full-width\">\n                                <img decoding=\"async\" src=\"https:\/\/www.villaggiosanpaolo.com\/wp-content\/uploads\/2023\/06\/villagio-san-paolo-cavallino-eventi-02.jpg\" title=\"villagio-san-paolo-cavallino-eventi-02\" alt=\"\" \/>\n                            <\/figure>\n                            <span><\/span>\n\n                                            <\/div>\n                                                        <div class=\"pages-cards-single swiper-slide\">\n                        \n                            <figure class=\"full-width\">\n                                <img decoding=\"async\" src=\"https:\/\/www.villaggiosanpaolo.com\/wp-content\/uploads\/2023\/06\/villagio-san-paolo-cavallino-eventi.jpg\" title=\"Vibrante atmosfera\" alt=\"\" \/>\n                            <\/figure>\n                            <span><\/span>\n\n                                            <\/div>\n                            <\/div>\n        <\/div>\n        \n                    <div class=\"slider-list-navigation\">\n                <div class=\"swiper-button-prev\"><\/div>\n                <div class=\"swiper-pagination\"><\/div>\n                <div class=\"swiper-button-next\"><\/div>\n            <\/div>\n            <\/div>\n\n<script type=\"text\/javascript\">\n    jQuery(document).ready(function () {\n        var pageCards_5 = new Swiper ('#pageCards_5 .slider', {\n            slidesPerView: 1,\n\t\t\tloop: true,\n            centeredSlides: true,\n            centeredSlidesBounds: true,\n            pagination: {\n                el: '#pageCards_5 .slider-list-navigation .swiper-pagination',\n                clickable: true\n            },\n\t\t\tnavigation: {\n                nextEl: '#pageCards_5 .slider-list-navigation .swiper-button-next',\n\t\t\t\tprevEl: '#pageCards_5 .slider-list-navigation .swiper-button-prev'\n\t\t\t}\n        });\n    });\n<\/script>\n\n<\/div>\n<\/div><\/div>\n\n<div  class=\"grids-section two-box-row grids-is-advanced alignwide\" style=\"--_gs-gap-desktop:0px 0px;--_gs-m-desktop:0 0 0 0;--_gs-p-desktop:0 0 0 0;--_gs-bg-desktop:transparent none;--_gs-bg-xp-desktop:0px;--_gs-zi-desktop:auto;--_gs-d-desktop:block;--_gs-mw-desktop:calc(100% - 0 - 0);--_gs-gap-tablet:0px 0px;--_gs-m-tablet:0 0 0 0;--_gs-p-tablet:0 0 0 0;--_gs-bg-tablet:transparent none;--_gs-bg-xp-tablet:0px;--_gs-zi-tablet:auto;--_gs-d-tablet:block;--_gs-mw-tablet:calc(100% - 0 - 0);--_gs-gap-mobile:0px 0px;--_gs-m-mobile:0 0 0 0;--_gs-p-mobile:0 0 0 0;--_gs-bg-mobile:transparent none;--_gs-bg-xp-mobile:0px;--_gs-zi-mobile:auto;--_gs-d-mobile:block;--_gs-mw-mobile:calc(100% - 0 - 0);--_gs-columns:12;--_gs-rows:6\"><div class=\"grids-s-w_i\">\n<div class=\"grids-area animated fadeInLeft\" style=\"--_ga-column:1\/7;--_ga-row:1\/7;--_ga-va:flex-end;--_ga-m-desktop:0 0 0 0;--_ga-p-desktop:0 0 0 0;--_ga-bg-desktop:transparent url(https:\/\/www.villaggiosanpaolo.com\/wp-content\/uploads\/2023\/06\/villagio-san-paolo-cavallino-eventi-banner-08.jpg) no-repeat 50% 50%;--_ga-zi-desktop:auto;--_ga-d-desktop:flex;--_ga-mw-desktop:calc(100% - 0 - 0);--_ga-m-tablet:0 0 0 0;--_ga-p-tablet:0 0 0 0;--_ga-bg-tablet:transparent url(https:\/\/www.villaggiosanpaolo.com\/wp-content\/uploads\/2023\/06\/villagio-san-paolo-cavallino-eventi-banner-08.jpg) no-repeat 50% 50%;--_ga-zi-tablet:auto;--_ga-d-tablet:flex;--_ga-mw-tablet:calc(100% - 0 - 0);--_ga-m-mobile:0 0 0 0;--_ga-p-mobile:0 0 0 0;--_ga-bg-mobile:transparent url(https:\/\/www.villaggiosanpaolo.com\/wp-content\/uploads\/2023\/06\/villagio-san-paolo-cavallino-eventi-banner-08.jpg) no-repeat 50% 50%;--_ga-zi-mobile:auto;--_ga-d-mobile:flex;--_ga-mw-mobile:calc(100% - 0 - 0)\">\n\n<h2 class=\"wp-block-heading has-text-align-center\">Musicales et concerts <\/h2>\n\n\n\n<p class=\"has-text-align-center\">Pendant la saison estivale, le village s&rsquo;anime avec un large \u00e9ventail d&rsquo;\u00e9v\u00e9nements et d&rsquo;activit\u00e9s pour tous les go\u00fbts, y compris des <strong>concerts<\/strong> et <strong>des spectacles musicaux<\/strong>.  Venez nous rendre visite \u00e0 Cavallino-Treporti.  Nous avons h\u00e2te de vous accueillir&nbsp;! <\/p>\n\n<\/div>\n\n<div class=\"grids-area animated fadeInRight\" style=\"--_ga-column:7\/13;--_ga-row:1\/7;--_ga-va:flex-end;--_ga-m-desktop:0 0 0 0;--_ga-p-desktop:0 0 0 0;--_ga-bg-desktop:transparent url(https:\/\/www.villaggiosanpaolo.com\/wp-content\/uploads\/2023\/06\/villagio-san-paolo-cavallino-eventi-banner-09.jpg) no-repeat 50% 50%;--_ga-zi-desktop:auto;--_ga-d-desktop:flex;--_ga-mw-desktop:calc(100% - 0 - 0);--_ga-m-tablet:0 0 0 0;--_ga-p-tablet:0 0 0 0;--_ga-bg-tablet:transparent url(https:\/\/www.villaggiosanpaolo.com\/wp-content\/uploads\/2023\/06\/villagio-san-paolo-cavallino-eventi-banner-09.jpg) no-repeat 50% 50%;--_ga-zi-tablet:auto;--_ga-d-tablet:flex;--_ga-mw-tablet:calc(100% - 0 - 0);--_ga-m-mobile:0 0 0 0;--_ga-p-mobile:0 0 0 0;--_ga-bg-mobile:transparent url(https:\/\/www.villaggiosanpaolo.com\/wp-content\/uploads\/2023\/06\/villagio-san-paolo-cavallino-eventi-banner-09.jpg) no-repeat 50% 50%;--_ga-zi-mobile:auto;--_ga-d-mobile:flex;--_ga-mw-mobile:calc(100% - 0 - 0)\">\n\n<h2 class=\"wp-block-heading has-text-align-center\">Tournois sportifs <\/h2>\n\n\n\n<p class=\"has-text-align-center\">Et pour les amateurs de sport, de nombreux tournois sont organis\u00e9s pour tous les \u00e2ges&nbsp;: <strong>football<\/strong>, <strong>basket-ball<\/strong>, <strong>volley-ball<\/strong> <strong>de plage<\/strong> et bien d&rsquo;autres encore.  Les tournois sont une occasion unique de socialiser, de faire de l&rsquo;exercice et de s&rsquo;amuser avec ses amis et sa famille, m\u00eame en \u00e9t\u00e9&nbsp;! <\/p>\n\n<\/div>\n<\/div><\/div>\n\n<div  class=\"grids-section white-image-background-row blue-bg grids-is-advanced alignwide\" style=\"--_gs-gap-desktop:0px 0px;--_gs-m-desktop:0 0 0 0;--_gs-p-desktop:0 0 0 0;--_gs-bg-desktop:transparent url() no-repeat 50% 50%  \/ cover;--_gs-bg-xp-desktop:0px;--_gs-zi-desktop:auto;--_gs-d-desktop:none;--_gs-mw-desktop:calc(100% - 0 - 0);--_gs-gap-tablet:0px 0px;--_gs-m-tablet:0 0 0 0;--_gs-p-tablet:0 0 0 0;--_gs-bg-tablet:transparent url() no-repeat 50% 50%  \/ cover;--_gs-bg-xp-tablet:0px;--_gs-zi-tablet:auto;--_gs-d-tablet:none;--_gs-mw-tablet:calc(100% - 0 - 0);--_gs-gap-mobile:0px 0px;--_gs-m-mobile:0 0 0 0;--_gs-p-mobile:0 0 0 0;--_gs-bg-mobile:transparent url() no-repeat 50% 50%  \/ cover;--_gs-bg-xp-mobile:0px;--_gs-zi-mobile:auto;--_gs-d-mobile:none;--_gs-mw-mobile:calc(100% - 0 - 0);--_gs-columns:12;--_gs-rows:6\"><div class=\"grids-s-w_i\">\n<div class=\"grids-area animated slideInLeft\" style=\"--_ga-column:1\/7;--_ga-row:1\/7;--_ga-va:center;--_ga-m-desktop:0 0 0 0;--_ga-p-desktop:0 0 0 0;--_ga-bg-desktop:#28303D none;--_ga-zi-desktop:auto;--_ga-d-desktop:flex;--_ga-mw-desktop:calc(100% - 0 - 0);--_ga-m-tablet:0 0 0 0;--_ga-p-tablet:0 0 0 0;--_ga-bg-tablet:#28303D none;--_ga-zi-tablet:auto;--_ga-d-tablet:flex;--_ga-mw-tablet:calc(100% - 0 - 0);--_ga-m-mobile:0 0 0 0;--_ga-p-mobile:0 0 0 0;--_ga-bg-mobile:#28303D none;--_ga-zi-mobile:auto;--_ga-d-mobile:flex;--_ga-mw-mobile:calc(100% - 0 - 0)\">\n\n<span class=\"label\">VIVEZ L&rsquo;HISTOIRE <\/span>\n\n\n\n<h2 class=\"wp-block-heading petal-top petal-white has-white-color has-text-color\">D\u00eener au mus\u00e9e <\/h2>\n\n\n\n<p class=\"has-white-color has-text-color\">Le Villaggio San Paolo propose une exp\u00e9rience culinaire unique dans un cadre atmosph\u00e9rique et sophistiqu\u00e9.  <\/p>\n\n\n\n<p class=\"has-white-color has-text-color\">Le <strong>d\u00eener au mus\u00e9e<\/strong> est un \u00e9v\u00e9nement exclusif organis\u00e9 \u00e0 l&rsquo;int\u00e9rieur du mus\u00e9e de la station consacr\u00e9 \u00e0 la <strong>Premi\u00e8re Guerre mondiale<\/strong>, o\u00f9 les invit\u00e9s peuvent d\u00e9guster de d\u00e9licieux plats pr\u00e9par\u00e9s par des chefs talentueux. <\/p>\n\n\n\n<div class=\"wp-block-buttons is-content-justification-left is-layout-flex wp-container-core-buttons-is-layout-fdcfc74e wp-block-buttons-is-layout-flex\">\n<div class=\"wp-block-button aligncenter is-style-outline is-style-outline--3\"><a class=\"wp-block-button__link wp-element-button\" href=\"https:\/\/www.villaggiosanpaolo.com\/fr\/restauration\/#museo\">EN SAVOIR PLUS <\/a><\/div>\n<\/div>\n\n<\/div>\n<\/div><\/div>\n\n<div  id=\"matrimonio\" class=\"grids-section center-box-row grids-is-advanced alignwide\" style=\"--_gs-gap-desktop:0px 0px;--_gs-m-desktop:0 0 0 0;--_gs-p-desktop:0 0 0 0;--_gs-bg-desktop:transparent url(https:\/\/www.villaggiosanpaolo.com\/wp-content\/uploads\/2023\/06\/villagio-san-paolo-cavallino-eventi-banner-10.jpg) no-repeat 50% 50%  \/ cover;--_gs-bg-xp-desktop:0px;--_gs-zi-desktop:auto;--_gs-d-desktop:none;--_gs-mw-desktop:calc(100% - 0 - 0);--_gs-gap-tablet:0px 0px;--_gs-m-tablet:0 0 0 0;--_gs-p-tablet:0 0 0 0;--_gs-bg-tablet:transparent url(https:\/\/www.villaggiosanpaolo.com\/wp-content\/uploads\/2023\/06\/villagio-san-paolo-cavallino-eventi-banner-10.jpg) no-repeat 50% 50%  \/ cover;--_gs-bg-xp-tablet:0px;--_gs-zi-tablet:auto;--_gs-d-tablet:none;--_gs-mw-tablet:calc(100% - 0 - 0);--_gs-gap-mobile:0px 0px;--_gs-m-mobile:0 0 0 0;--_gs-p-mobile:0 0 0 0;--_gs-bg-mobile:transparent url(https:\/\/www.villaggiosanpaolo.com\/wp-content\/uploads\/2023\/06\/villagio-san-paolo-cavallino-eventi-banner-10.jpg) no-repeat 50% 50%  \/ cover;--_gs-bg-xp-mobile:0px;--_gs-zi-mobile:auto;--_gs-d-mobile:none;--_gs-mw-mobile:calc(100% - 0 - 0);--_gs-columns:12;--_gs-rows:6\"><div class=\"grids-s-w_i\">\n<div class=\"grids-area animated slideInUp\" style=\"--_ga-column:1\/13;--_ga-row:1\/7;--_ga-m-desktop:0 0 0 0;--_ga-p-desktop:0 0 0 0;--_ga-bg-desktop:transparent none;--_ga-zi-desktop:auto;--_ga-d-desktop:flex;--_ga-mw-desktop:calc(100% - 0 - 0);--_ga-m-tablet:0 0 0 0;--_ga-p-tablet:0 0 0 0;--_ga-bg-tablet:transparent none;--_ga-zi-tablet:auto;--_ga-d-tablet:flex;--_ga-mw-tablet:calc(100% - 0 - 0);--_ga-m-mobile:0 0 0 0;--_ga-p-mobile:0 0 0 0;--_ga-bg-mobile:transparent none;--_ga-zi-mobile:auto;--_ga-d-mobile:flex;--_ga-mw-mobile:calc(100% - 0 - 0)\">\n\n<span class=\"label\">EXP\u00c9RIENCE EXCLUSIVE <\/span>\n\n\n\n<h2 class=\"wp-block-heading has-text-align-center petal-before\">Mariage sur la plage <\/h2>\n\n\n\n<h3 class=\"wp-block-heading has-text-align-center\">Jusqu&rsquo;\u00e0 350 personnes peuvent y assister <\/h3>\n\n\n\n<p class=\"has-text-align-center\">Vous et votre \u00e2me s\u0153ur vous tenant la main sur le sable dor\u00e9 et la mer en arri\u00e8re-plan de Cavallino-Treporti&nbsp;: est-ce le cadre id\u00e9al pour couronner votre <strong>r\u00eave d&rsquo;amour<\/strong> et se dire<strong> oui<\/strong> pour la vie&nbsp;?  <\/p>\n\n\n\n<p class=\"has-text-align-center\">Au Villaggio San Paolo, votre r\u00eave se r\u00e9alise&nbsp;: laissez-vous porter par la magie de notre site et le professionnalisme de notre effectif pour faire de <strong>votre plus beau jour<\/strong> un moment inoubliable&nbsp;! <\/p>\n\n\n\n<div class=\"wp-block-buttons is-layout-flex wp-block-buttons-is-layout-flex\">\n<div class=\"wp-block-button aligncenter is-style-outline is-style-outline--4\"><a class=\"wp-block-button__link wp-element-button\" href=\"https:\/\/www.villaggiosanpaolo.com\/it\/contatti\/\">CONTACTEZ-NOUS <\/a><\/div>\n<\/div>\n\n<\/div>\n<\/div><\/div>\n\n<div  id=\"convegni\" class=\"grids-section white-image-background-row grids-is-advanced alignwide\" style=\"--_gs-gap-desktop:0px 0px;--_gs-m-desktop:0 0 0 0;--_gs-p-desktop:0 0 0 0;--_gs-bg-desktop:transparent url(https:\/\/www.villaggiosanpaolo.com\/wp-content\/uploads\/2023\/06\/villagio-san-paolo-cavallino-teatro-02.jpg) no-repeat 50% 50%  \/ cover;--_gs-bg-xp-desktop:0px;--_gs-zi-desktop:auto;--_gs-d-desktop:block;--_gs-mw-desktop:calc(100% - 0 - 0);--_gs-gap-tablet:0px 0px;--_gs-m-tablet:0 0 0 0;--_gs-p-tablet:0 0 0 0;--_gs-bg-tablet:transparent url(https:\/\/www.villaggiosanpaolo.com\/wp-content\/uploads\/2023\/06\/villagio-san-paolo-cavallino-teatro-02.jpg) no-repeat 50% 50%  \/ cover;--_gs-bg-xp-tablet:0px;--_gs-zi-tablet:auto;--_gs-d-tablet:block;--_gs-mw-tablet:calc(100% - 0 - 0);--_gs-gap-mobile:0px 0px;--_gs-m-mobile:0 0 0 0;--_gs-p-mobile:0 0 0 0;--_gs-bg-mobile:transparent url(https:\/\/www.villaggiosanpaolo.com\/wp-content\/uploads\/2023\/06\/villagio-san-paolo-cavallino-teatro-02.jpg) no-repeat 50% 50%  \/ cover;--_gs-bg-xp-mobile:0px;--_gs-zi-mobile:auto;--_gs-d-mobile:block;--_gs-mw-mobile:calc(100% - 0 - 0);--_gs-columns:12;--_gs-rows:6\"><div class=\"grids-s-w_i\">\n<div class=\"grids-area animated slideInLeft\" style=\"--_ga-column:1\/7;--_ga-row:1\/7;--_ga-va:center;--_ga-m-desktop:0 0 0 0;--_ga-p-desktop:0 0 0 0;--_ga-bg-desktop:transparent none;--_ga-zi-desktop:auto;--_ga-d-desktop:flex;--_ga-mw-desktop:calc(100% - 0 - 0);--_ga-m-tablet:0 0 0 0;--_ga-p-tablet:0 0 0 0;--_ga-bg-tablet:transparent none;--_ga-zi-tablet:auto;--_ga-d-tablet:flex;--_ga-mw-tablet:calc(100% - 0 - 0);--_ga-m-mobile:0 0 0 0;--_ga-p-mobile:0 0 0 0;--_ga-bg-mobile:transparent none;--_ga-zi-mobile:auto;--_ga-d-mobile:flex;--_ga-mw-mobile:calc(100% - 0 - 0)\">\n\n<h2 class=\"wp-block-heading has-text-align-left has-black-color has-text-color\">Salle de congr\u00e8s Bucintoro <\/h2>\n\n\n\n<p>La salle Bucintorno du Villaggio San Paolo est une grande salle multifonctionnelle, adapt\u00e9e aux \u00e9v\u00e9nements culturels et th\u00e9\u00e2traux ainsi qu&rsquo;aux activit\u00e9s commerciales hors saison.  Dot\u00e9e de tout le confort et de l&rsquo;\u00e9quipement audiovisuel, la salle de th\u00e9\u00e2tre est parfaitement adapt\u00e9e aux <strong>conf\u00e9rences, r\u00e9unions d&rsquo;entreprise, formations, f\u00eates d&rsquo;entreprise et activit\u00e9s de renforcement d&rsquo;\u00e9quipe<\/strong>. <\/p>\n\n\n\n<p>La salle peut accueillir jusqu&rsquo;\u00e0 <strong>130 personnes<\/strong> et offre un large \u00e9ventail d&rsquo;\u00e9quipements, notamment un syst\u00e8me de sonorisation professionnel, des si\u00e8ges confortables, un \u00e9clairage ad\u00e9quat, le wi-fi et un projecteur. <\/p>\n\n\n\n<p>La station propose \u00e9galement des services de <strong>restauration<\/strong> pour les pauses-caf\u00e9, les d\u00e9jeuners et les d\u00eeners d&rsquo;affaires, qui peuvent \u00eatre personnalis\u00e9s en fonction des besoins des clients.  En outre, les <strong>grands espaces verts du parc et la proximit\u00e9 de la mer et de la plage <\/strong>offrent de nombreuses possibilit\u00e9s d&rsquo;activit\u00e9s de renforcement d&rsquo;\u00e9quipe, telles que des jeux d&rsquo;\u00e9quipe et des activit\u00e9s d&rsquo;orientation qui peuvent \u00eatre organis\u00e9es pour rendre l&rsquo;\u00e9v\u00e9nement encore plus attrayant. <\/p>\n\n\n\n<div class=\"wp-block-buttons is-content-justification-center is-layout-flex wp-container-core-buttons-is-layout-16018d1d wp-block-buttons-is-layout-flex\">\n<div class=\"wp-block-button\"><a class=\"wp-block-button__link wp-element-button\" href=\"https:\/\/www.villaggiosanpaolo.com\/it\/contatti\/\">DEMANDER DES INFORMATIONS <\/a><\/div>\n<\/div>\n\n<\/div>\n<\/div><\/div>\n\n<div  class=\"grids-section trapeze-row grids-is-advanced alignwide\" style=\"--_gs-gap-desktop:0px 0px;--_gs-m-desktop:0 0 0 0;--_gs-p-desktop:0 0 0 0;--_gs-bg-desktop:transparent url(https:\/\/www.villaggiosanpaolo.com\/wp-content\/uploads\/2023\/04\/barra-verde-sinistra-san-paolo.png) no-repeat 0% 100%;--_gs-bg-xp-desktop:0px;--_gs-zi-desktop:auto;--_gs-d-desktop:block;--_gs-mw-desktop:calc(100% - 0 - 0);--_gs-gap-tablet:0px 0px;--_gs-m-tablet:0 0 0 0;--_gs-p-tablet:0 0 0 0;--_gs-bg-tablet:transparent url(https:\/\/www.villaggiosanpaolo.com\/wp-content\/uploads\/2023\/04\/barra-verde-sinistra-san-paolo.png) no-repeat 0% 100%;--_gs-bg-xp-tablet:0px;--_gs-zi-tablet:auto;--_gs-d-tablet:block;--_gs-mw-tablet:calc(100% - 0 - 0);--_gs-gap-mobile:0px 0px;--_gs-m-mobile:0 0 0 0;--_gs-p-mobile:0 0 0 0;--_gs-bg-mobile:transparent url(https:\/\/www.villaggiosanpaolo.com\/wp-content\/uploads\/2023\/04\/barra-verde-sinistra-san-paolo.png) no-repeat 0% 100%;--_gs-bg-xp-mobile:0px;--_gs-zi-mobile:auto;--_gs-d-mobile:block;--_gs-mw-mobile:calc(100% - 0 - 0);--_gs-columns:12;--_gs-rows:6\"><div class=\"grids-s-w_i\">\n<div class=\"grids-area animated slideInLeft\" style=\"--_ga-column:1\/8;--_ga-row:1\/3;--_ga-m-desktop:0 0 0 0;--_ga-p-desktop:0 0 0 0;--_ga-bg-desktop:transparent none;--_ga-zi-desktop:auto;--_ga-d-desktop:flex;--_ga-mw-desktop:calc(100% - 0 - 0);--_ga-m-tablet:0 0 0 0;--_ga-p-tablet:0 0 0 0;--_ga-bg-tablet:transparent none;--_ga-zi-tablet:auto;--_ga-d-tablet:flex;--_ga-mw-tablet:calc(100% - 0 - 0);--_ga-m-mobile:0 0 0 0;--_ga-p-mobile:0 0 0 0;--_ga-bg-mobile:transparent none;--_ga-zi-mobile:auto;--_ga-d-mobile:flex;--_ga-mw-mobile:calc(100% - 0 - 0)\">\n\n<h2 class=\"wp-block-heading petal-before\">\u00c9v\u00e9nements \u00e0 proximit\u00e9 <\/h2>\n\n\n\n<p>Dans les environs de notre station, vous trouverez des festivals, des \u00e9v\u00e9nements et des manifestations qui rendront vos vacances uniques.  D\u00e9couvrez-les&nbsp;! <\/p>\n\n<\/div>\n\n<div class=\"grids-area animated slideInRight\" style=\"--_ga-column:1\/13;--_ga-row:3\/7;--_ga-m-desktop:0 0 0 0;--_ga-p-desktop:0 0 0 0;--_ga-bg-desktop:transparent none;--_ga-zi-desktop:auto;--_ga-d-desktop:flex;--_ga-mw-desktop:calc(100% - 0 - 0);--_ga-m-tablet:0 0 0 0;--_ga-p-tablet:0 0 0 0;--_ga-bg-tablet:transparent none;--_ga-zi-tablet:auto;--_ga-d-tablet:flex;--_ga-mw-tablet:calc(100% - 0 - 0);--_ga-m-mobile:0 0 0 0;--_ga-p-mobile:0 0 0 0;--_ga-bg-mobile:transparent none;--_ga-zi-mobile:auto;--_ga-d-mobile:flex;--_ga-mw-mobile:calc(100% - 0 - 0)\">\n\n<div id=\"eventsDiv_6\" class=\"events-list-container\" style=\"--events-list-container-columns: 3\">\n\t\t\t<div class=\"swiper-wrapper\">\n\t\t\t\t<div class=\"events-list-container-single swiper-slide\" onclick=\"location.href='https:\/\/www.villaggiosanpaolo.com\/fr\/event\/via-pordelio\/'\">\n\t\t\t\t<a href=\"https:\/\/www.villaggiosanpaolo.com\/fr\/event\/via-pordelio\/\" class=\"events-list-container-single-img\" title=\"Via Pordelio\">\n\t\t\t\t\t\t\t\t\t\t\t<figure class=\"full-width\">\n\t\t\t\t\t\t\t<img decoding=\"async\" src=\"https:\/\/www.villaggiosanpaolo.com\/wp-content\/uploads\/2023\/06\/villagio-san-paolo-cavallino-eventi-banner-05.jpg\" \/>\n\t\t\t\t\t\t<\/figure>\n\t\t\t\t\t\n\t\t\t\t\t\t\t\t\t<\/a>\n\t\t\t\t\n\t\t\t\t<h3>Via Pordelio<\/h3>\n\n\t\t\t\t<div class=\"events-list-container-single-short-description\">\n\t\t\t\t\t<p>La piste cyclable sur le canal Via Pordelio.<\/p>\n\t\t\t\t<\/div>\n\n\t\t\t\t<a href=\"https:\/\/www.villaggiosanpaolo.com\/fr\/event\/via-pordelio\/\" title=\"Via Pordelio\" class=\"btn btn-center events-list-container-single-button\">\n\t\t\t\t\tD\u00e9couvrir plus\t\t\t\t<\/a>\n\t\t\t<\/div>\n\t\t\t\t\t\t<div class=\"events-list-container-single swiper-slide\" onclick=\"location.href='https:\/\/www.villaggiosanpaolo.com\/fr\/event\/fete-de-la-sisoea\/'\">\n\t\t\t\t<a href=\"https:\/\/www.villaggiosanpaolo.com\/fr\/event\/fete-de-la-sisoea\/\" class=\"events-list-container-single-img\" title=\"F\u00eate de la \u00ab\u00a0sisoea\u00a0\u00bb\">\n\t\t\t\t\t\t\t\t\t\t\t<figure class=\"full-width\">\n\t\t\t\t\t\t\t<img decoding=\"async\" src=\"https:\/\/www.villaggiosanpaolo.com\/wp-content\/uploads\/2023\/06\/villagio-san-paolo-cavallino-eventi-banner-04.jpg\" \/>\n\t\t\t\t\t\t<\/figure>\n\t\t\t\t\t\n\t\t\t\t\t\t\t\t\t<\/a>\n\t\t\t\t\n\t\t\t\t<h3>F\u00eate de la \u00ab\u00a0sisoea\u00a0\u00bb<\/h3>\n\n\t\t\t\t<div class=\"events-list-container-single-short-description\">\n\t\t\t\t\t<p>En septembre \u00e0 Cavallino<\/p>\n\t\t\t\t<\/div>\n\n\t\t\t\t<a href=\"https:\/\/www.villaggiosanpaolo.com\/fr\/event\/fete-de-la-sisoea\/\" title=\"F\u00eate de la \u00ab\u00a0sisoea\u00a0\u00bb\" class=\"btn btn-center events-list-container-single-button\">\n\t\t\t\t\tD\u00e9couvrir plus\t\t\t\t<\/a>\n\t\t\t<\/div>\n\t\t\t\t\t\t<div class=\"events-list-container-single swiper-slide\" onclick=\"location.href='https:\/\/www.villaggiosanpaolo.com\/fr\/event\/beach-on-fire\/'\">\n\t\t\t\t<a href=\"https:\/\/www.villaggiosanpaolo.com\/fr\/event\/beach-on-fire\/\" class=\"events-list-container-single-img\" title=\"Beach on fire\">\n\t\t\t\t\t\t\t\t\t\t\t<figure class=\"full-width\">\n\t\t\t\t\t\t\t<img decoding=\"async\" src=\"https:\/\/www.villaggiosanpaolo.com\/wp-content\/uploads\/2023\/06\/villagio-san-paolo-cavallino-eventi-banner-03-2.jpg\" \/>\n\t\t\t\t\t\t<\/figure>\n\t\t\t\t\t\n\t\t\t\t\t\t\t\t\t<\/a>\n\t\t\t\t\n\t\t\t\t<h3>Beach on fire<\/h3>\n\n\t\t\t\t<div class=\"events-list-container-single-short-description\">\n\t\t\t\t\t<p>Le dernier samedi d&rsquo;ao\u00fbt \u00e0 Cavallino<\/p>\n\t\t\t\t<\/div>\n\n\t\t\t\t<a href=\"https:\/\/www.villaggiosanpaolo.com\/fr\/event\/beach-on-fire\/\" title=\"Beach on fire\" class=\"btn btn-center events-list-container-single-button\">\n\t\t\t\t\tD\u00e9couvrir plus\t\t\t\t<\/a>\n\t\t\t<\/div>\n\t\t\t\t\t\t<div class=\"events-list-container-single swiper-slide\" onclick=\"location.href='https:\/\/www.villaggiosanpaolo.com\/fr\/event\/sandsound\/'\">\n\t\t\t\t<a href=\"https:\/\/www.villaggiosanpaolo.com\/fr\/event\/sandsound\/\" class=\"events-list-container-single-img\" title=\"Sand&amp;Sound\">\n\t\t\t\t\t\t\t\t\t\t\t<figure class=\"full-width\">\n\t\t\t\t\t\t\t<img decoding=\"async\" src=\"https:\/\/www.villaggiosanpaolo.com\/wp-content\/uploads\/2023\/06\/villagio-san-paolo-cavallino-eventi-banner.jpg\" \/>\n\t\t\t\t\t\t<\/figure>\n\t\t\t\t\t\n\t\t\t\t\t\t\t\t\t<\/a>\n\t\t\t\t\n\t\t\t\t<h3>Sand&amp;Sound<\/h3>\n\n\t\t\t\t<div class=\"events-list-container-single-short-description\">\n\t\t\t\t\t<p>En juin \u00e0 Cavallino<\/p>\n\t\t\t\t<\/div>\n\n\t\t\t\t<a href=\"https:\/\/www.villaggiosanpaolo.com\/fr\/event\/sandsound\/\" title=\"Sand&amp;Sound\" class=\"btn btn-center events-list-container-single-button\">\n\t\t\t\t\tD\u00e9couvrir plus\t\t\t\t<\/a>\n\t\t\t<\/div>\n\t\t\t\t\t\t<div class=\"events-list-container-single swiper-slide\" onclick=\"location.href='https:\/\/www.villaggiosanpaolo.com\/fr\/event\/fete-de-sparesea\/'\">\n\t\t\t\t<a href=\"https:\/\/www.villaggiosanpaolo.com\/fr\/event\/fete-de-sparesea\/\" class=\"events-list-container-single-img\" title=\"F\u00eate de \u00ab\u00a0sparesea\u00a0\u00bb\">\n\t\t\t\t\t\t\t\t\t\t\t<figure class=\"full-width\">\n\t\t\t\t\t\t\t<img decoding=\"async\" src=\"https:\/\/www.villaggiosanpaolo.com\/wp-content\/uploads\/2023\/04\/villagio-san-paolo-cavallino-festa-della-sparesea-01.jpg\" \/>\n\t\t\t\t\t\t<\/figure>\n\t\t\t\t\t\n\t\t\t\t\t\t\t\t\t<\/a>\n\t\t\t\t\n\t\t\t\t<h3>F\u00eate de \u00ab\u00a0sparesea\u00a0\u00bb<\/h3>\n\n\t\t\t\t<div class=\"events-list-container-single-short-description\">\n\t\t\t\t\t<p>1 mai \u00e0 Cavallino<\/p>\n\t\t\t\t<\/div>\n\n\t\t\t\t<a href=\"https:\/\/www.villaggiosanpaolo.com\/fr\/event\/fete-de-sparesea\/\" title=\"F\u00eate de \u00ab\u00a0sparesea\u00a0\u00bb\" class=\"btn btn-center events-list-container-single-button\">\n\t\t\t\t\tD\u00e9couvrir plus\t\t\t\t<\/a>\n\t\t\t<\/div>\n\t\t\t\n\t\t\t<\/div>\n\t\n\t\t\t<div class=\"slider-list-navigation\">\n\t\t\t<div class=\"swiper-button-prev\"><\/div>\n\t\t\t<div class=\"swiper-pagination\"><\/div>\n\t\t\t<div class=\"swiper-button-next\"><\/div>\n\t\t<\/div>\n\t<\/div>\n\n<script type=\"text\/javascript\">\n    jQuery(document).ready(function () {\n        \/\/ initialize swiper when document ready\n        var eventsDiv_6 = new Swiper ('#eventsDiv_6.events-list-container', {\n            slidesPerView: 'auto',\n            spaceBetween: 0,\n\t\t\tobserver: true,\n\t\t\tobserveParents: true,\n            loop: false,\n\t\t\tpagination: {\n                el: '#eventsDiv_6 .slider-list-navigation .swiper-pagination',\n                clickable: true\n            },\n\t\t\tnavigation: {\n                nextEl: '#eventsDiv_6 .slider-list-navigation .swiper-button-next',\n\t\t\t\tprevEl: '#eventsDiv_6 .slider-list-navigation .swiper-button-prev'\n\t\t\t}\n        });\n    });\n<\/script>\n\n\n<\/div>\n<\/div><\/div>","protected":false},"excerpt":{"rendered":"","protected":false},"author":1,"featured_media":3317,"parent":0,"menu_order":0,"comment_status":"closed","ping_status":"closed","template":"","meta":{"_acf_changed":false,"_seopress_robots_primary_cat":"","_seopress_titles_title":"Organisation d'\u00e9v\u00e9nements sur la plage, Cavallino-Treporti %%sep%% %%sitetitle%% ","_seopress_titles_desc":"Au Villaggio San Paolo, la vue splendide sur la mer est le cadre de toutes les occasions.  Vous pouvez assister \u00e0 un \u00e9v\u00e9nement ou bien organiser le v\u00f4tre, par exemple un mariage sur la plage, une conf\u00e9rence, un \u00e9v\u00e9nement d'entreprise, etc.  Contactez-nous\u00a0! ","_seopress_robots_index":"","advgb_blocks_editor_width":"","advgb_blocks_columns_visual_guide":"","footnotes":""},"class_list":["post-3765","page","type-page","status-publish","has-post-thumbnail","hentry","entry"],"acf":[],"coauthors":[],"author_meta":{"author_link":"https:\/\/www.villaggiosanpaolo.com\/fr\/author\/ales-ckgmi8c90\/","display_name":"ales-ckgmi8c90"},"relative_dates":{"created":"Publi\u00e9 3 ans il y a","modified":"Mis \u00e0 jour 1 an il y a"},"absolute_dates":{"created":"Publi\u00e9 le juillet 20, 2023","modified":"Mise \u00e0 jour le mars 19, 2025"},"absolute_dates_time":{"created":"Publi\u00e9 le juillet 20, 2023 12:13 pm","modified":"Mise \u00e0 jour le mars 19, 2025 12:51 pm"},"featured_img_caption":"","featured_img":"https:\/\/www.villaggiosanpaolo.com\/wp-content\/uploads\/2023\/06\/villaggio-san-paolo-cavallino-sport-banner-01-1568x784.jpg","series_order":"","_links":{"self":[{"href":"https:\/\/www.villaggiosanpaolo.com\/fr\/wp-json\/wp\/v2\/pages\/3765","targetHints":{"allow":["GET"]}}],"collection":[{"href":"https:\/\/www.villaggiosanpaolo.com\/fr\/wp-json\/wp\/v2\/pages"}],"about":[{"href":"https:\/\/www.villaggiosanpaolo.com\/fr\/wp-json\/wp\/v2\/types\/page"}],"author":[{"embeddable":true,"href":"https:\/\/www.villaggiosanpaolo.com\/fr\/wp-json\/wp\/v2\/users\/1"}],"replies":[{"embeddable":true,"href":"https:\/\/www.villaggiosanpaolo.com\/fr\/wp-json\/wp\/v2\/comments?post=3765"}],"version-history":[{"count":4,"href":"https:\/\/www.villaggiosanpaolo.com\/fr\/wp-json\/wp\/v2\/pages\/3765\/revisions"}],"predecessor-version":[{"id":5796,"href":"https:\/\/www.villaggiosanpaolo.com\/fr\/wp-json\/wp\/v2\/pages\/3765\/revisions\/5796"}],"wp:featuredmedia":[{"embeddable":true,"href":"https:\/\/www.villaggiosanpaolo.com\/fr\/wp-json\/wp\/v2\/media\/3317"}],"wp:attachment":[{"href":"https:\/\/www.villaggiosanpaolo.com\/fr\/wp-json\/wp\/v2\/media?parent=3765"}],"curies":[{"name":"wp","href":"https:\/\/api.w.org\/{rel}","templated":true}]}}