{"id":3897,"date":"2023-07-20T12:13:19","date_gmt":"2023-07-20T10:13:19","guid":{"rendered":"https:\/\/www.villaggiosanpaolo.com\/camping\/"},"modified":"2023-07-20T12:13:24","modified_gmt":"2023-07-20T10:13:24","slug":"camping","status":"publish","type":"page","link":"https:\/\/www.villaggiosanpaolo.com\/fr\/camping\/","title":{"rendered":"Camping"},"content":{"rendered":"<div  class=\"grids-section four-servces-boxes grids-is-advanced alignwide\" style=\"--_gs-gap-desktop:0px 0px;--_gs-m-desktop:0 0 0 0;--_gs-p-desktop:0 0 0 0;--_gs-bg-desktop:transparent none;--_gs-bg-xp-desktop:0px;--_gs-zi-desktop:auto;--_gs-d-desktop:block;--_gs-mw-desktop:calc(100% - 0 - 0);--_gs-gap-tablet:0px 0px;--_gs-m-tablet:0 0 0 0;--_gs-p-tablet:0 0 0 0;--_gs-bg-tablet:transparent none;--_gs-bg-xp-tablet:0px;--_gs-zi-tablet:auto;--_gs-d-tablet:block;--_gs-mw-tablet:calc(100% - 0 - 0);--_gs-gap-mobile:0px 0px;--_gs-m-mobile:0 0 0 0;--_gs-p-mobile:0 0 0 0;--_gs-bg-mobile:transparent none;--_gs-bg-xp-mobile:0px;--_gs-zi-mobile:auto;--_gs-d-mobile:block;--_gs-mw-mobile:calc(100% - 0 - 0);--_gs-columns:12;--_gs-rows:6\"><div class=\"grids-s-w_i\">\n<div class=\"grids-area\" style=\"--_ga-column:1\/13;--_ga-row:1\/7;--_ga-m-desktop:0 0 0 0;--_ga-p-desktop:0 0 0 0;--_ga-bg-desktop:transparent none;--_ga-zi-desktop:auto;--_ga-d-desktop:flex;--_ga-mw-desktop:calc(100% - 0 - 0);--_ga-m-tablet:0 0 0 0;--_ga-p-tablet:0 0 0 0;--_ga-bg-tablet:transparent none;--_ga-zi-tablet:auto;--_ga-d-tablet:flex;--_ga-mw-tablet:calc(100% - 0 - 0);--_ga-m-mobile:0 0 0 0;--_ga-p-mobile:0 0 0 0;--_ga-bg-mobile:transparent none;--_ga-zi-mobile:auto;--_ga-d-mobile:flex;--_ga-mw-mobile:calc(100% - 0 - 0)\">\n\n<h1 class=\"wp-block-heading has-text-align-center advgb-dyn-fad2fbfb\">Camping <\/h1>\n\n\n\n<h2 class=\"wp-block-heading has-text-align-center advgb-dyn-b9d29ab7\">Choisissez votre emplacement id\u00e9al <\/h2>\n\n\n\n<p class=\"has-text-align-center\">Emplacements pour <strong>campeurs<\/strong> et <strong>caravanes<\/strong> avec jardin priv\u00e9 et tous les \u00e9quipements n\u00e9cessaires.  Camper au Villaggio San Paolo est un r\u00eave \u00e9veill\u00e9. <\/p>\n\n\n\n<p class=\"has-text-align-center\">Les emplacements pour <strong>camping-cars<\/strong> et <strong>caravanes<\/strong> du Villaggio San Paolo sont la solution id\u00e9ale pour passer des vacances en camping sur la plage de Cavallino-Treporti, surtout pendant les p\u00e9riodes les moins fr\u00e9quent\u00e9es, pour d\u00e9couvrir les paysages naturels de la c\u00f4te et la beaut\u00e9 de la ville de Venise toute proche. <\/p>\n\n<\/div>\n<\/div><\/div><div  id=\"bungalow\" class=\"grids-section grids-is-advanced alignwide\" style=\"--_gs-gap-desktop:0px 0px;--_gs-m-desktop:0 0 0 0;--_gs-p-desktop:0 0 0 0;--_gs-bg-desktop:transparent none;--_gs-bg-xp-desktop:0px;--_gs-zi-desktop:auto;--_gs-d-desktop:block;--_gs-mw-desktop:calc(100% - 0 - 0);--_gs-gap-tablet:0px 0px;--_gs-m-tablet:0 0 0 0;--_gs-p-tablet:0 0 0 0;--_gs-bg-tablet:transparent none;--_gs-bg-xp-tablet:0px;--_gs-zi-tablet:auto;--_gs-d-tablet:block;--_gs-mw-tablet:calc(100% - 0 - 0);--_gs-gap-mobile:0px 0px;--_gs-m-mobile:0 0 0 0;--_gs-p-mobile:0 0 0 0;--_gs-bg-mobile:transparent none;--_gs-bg-xp-mobile:0px;--_gs-zi-mobile:auto;--_gs-d-mobile:block;--_gs-mw-mobile:calc(100% - 0 - 0);--_gs-columns:12;--_gs-rows:6\"><div class=\"grids-s-w_i\">\n<div class=\"grids-area\" style=\"--_ga-column:1\/13;--_ga-row:1\/7;--_ga-m-desktop:0 0 0 0;--_ga-p-desktop:0 0 0 0;--_ga-bg-desktop:transparent none;--_ga-zi-desktop:auto;--_ga-d-desktop:flex;--_ga-mw-desktop:calc(100% - 0 - 0);--_ga-m-tablet:0 0 0 0;--_ga-p-tablet:0 0 0 0;--_ga-bg-tablet:transparent none;--_ga-zi-tablet:auto;--_ga-d-tablet:flex;--_ga-mw-tablet:calc(100% - 0 - 0);--_ga-m-mobile:0 0 0 0;--_ga-p-mobile:0 0 0 0;--_ga-bg-mobile:transparent none;--_ga-zi-mobile:auto;--_ga-d-mobile:flex;--_ga-mw-mobile:calc(100% - 0 - 0)\">\n\n<h2 class=\"wp-block-heading\">Les emplacements <\/h2>\n\n\n\n<div class=\"accommodations-list-container\" style=\"--accommodations-list-container-columns: 3\">\n\t\t\t\t\t<div class=\"accommodations-list-container-single \" onclick=\"location.href='https:\/\/www.villaggiosanpaolo.com\/fr\/accommodation\/emplacement-camper-relax\/'\">\n\t\t\t\t\t\t\t\t\n\t\t\t\t\t\t\t\t\t<a href=\"https:\/\/www.villaggiosanpaolo.com\/fr\/accommodation\/emplacement-camper-relax\/\" class=\"accommodations-list-container-single-img\" title=\"Emplacement Camper Relax\">\n\t\t\t\t\t\t<figure class=\"full-width\">\n\t\t\t\t\t\t\t<img decoding=\"async\" src=\"https:\/\/www.villaggiosanpaolo.com\/wp-content\/uploads\/2023\/05\/villagio-san-paolo-cavallino-area-camper-banner.jpg\" \/>\n\t\t\t\t\t\t<\/figure>\n\t\t\t\t\t<\/a>\n\t\t\t\t\t\t\t\t\n\t\t\t\t<div class=\"accommodations-list-container-single-title\">\n\t\t\t\t\t<span>ACCESSIBLE <\/span>\n\t\t\t\t\t<h3>Emplacement Camper Relax<\/h3>\n\t\t\t\t<\/div>\n\n\t\t\t\t<div class=\"accommodations-list-container-single-features\">\n\t\t\t\t\t\t\t\t\t\t\t<span class=\"feature-box feature-box-occupancy\">\n\t\t\t\t\t\t\t<i class=\"fa-regular fa-user-group\"><\/i>\n\t\t\t\t\t\t\t1-8\t\t\t\t\t\t<\/span>\n\t\t\t\t\t\n\t\t\t\t\t\t\t\t\t<\/div>\n\t\t\t\t\n\t\t\t\t<div class=\"accommodations-list-container-single-short-description\">\n\t\t\t\t\t<p>Grands emplacements immerg\u00e9s dans la verdure <\/p>\n\t\t\t\t<\/div>\n\n\t\t\t\t<a href=\"https:\/\/www.villaggiosanpaolo.com\/fr\/accommodation\/emplacement-camper-relax\/\" title=\"Emplacement Camper Relax\" class=\"btn btn-center accommodations-list-container-single-button\">\n\t\t\t\t\tVoir les d\u00e9tails\t\t\t\t<\/a>\n\t\t\t<\/div>\n\t\t\t\t\t\t<div class=\"accommodations-list-container-single \" onclick=\"location.href='https:\/\/www.villaggiosanpaolo.com\/fr\/accommodation\/emplacement-camper-green\/'\">\n\t\t\t\t\t\t\t\t\n\t\t\t\t\t\t\t\t\t<a href=\"https:\/\/www.villaggiosanpaolo.com\/fr\/accommodation\/emplacement-camper-green\/\" class=\"accommodations-list-container-single-img\" title=\"Emplacement Camper Green\">\n\t\t\t\t\t\t<figure class=\"full-width\">\n\t\t\t\t\t\t\t<img decoding=\"async\" src=\"https:\/\/www.villaggiosanpaolo.com\/wp-content\/uploads\/2023\/05\/villagio-san-paolo-cavallino-area-camper-banner-01.jpg\" \/>\n\t\t\t\t\t\t<\/figure>\n\t\t\t\t\t<\/a>\n\t\t\t\t\t\t\t\t\n\t\t\t\t<div class=\"accommodations-list-container-single-title\">\n\t\t\t\t\t<span>ACCESSIBLE <\/span>\n\t\t\t\t\t<h3>Emplacement Camper Green<\/h3>\n\t\t\t\t<\/div>\n\n\t\t\t\t<div class=\"accommodations-list-container-single-features\">\n\t\t\t\t\t\n\t\t\t\t\t\t\t\t\t<\/div>\n\t\t\t\t\n\t\t\t\t<div class=\"accommodations-list-container-single-short-description\">\n\t\t\t\t\t<p>Grands emplacements avec jardin priv\u00e9  <\/p>\n\t\t\t\t<\/div>\n\n\t\t\t\t<a href=\"https:\/\/www.villaggiosanpaolo.com\/fr\/accommodation\/emplacement-camper-green\/\" title=\"Emplacement Camper Green\" class=\"btn btn-center accommodations-list-container-single-button\">\n\t\t\t\t\tVoir les d\u00e9tails\t\t\t\t<\/a>\n\t\t\t<\/div>\n\t\t\t\t\t\t<div class=\"accommodations-list-container-single \" onclick=\"location.href='https:\/\/www.villaggiosanpaolo.com\/fr\/accommodation\/emplacement-camper-inclusive\/'\">\n\t\t\t\t\t\t\t\t\n\t\t\t\t\t\t\t\t\t<a href=\"https:\/\/www.villaggiosanpaolo.com\/fr\/accommodation\/emplacement-camper-inclusive\/\" class=\"accommodations-list-container-single-img\" title=\"Emplacement Camper Inclusive\">\n\t\t\t\t\t\t<figure class=\"full-width\">\n\t\t\t\t\t\t\t<img decoding=\"async\" src=\"https:\/\/www.villaggiosanpaolo.com\/wp-content\/uploads\/2023\/05\/villagio-san-paolo-cavallino-area-camper-banner-02.jpg\" \/>\n\t\t\t\t\t\t<\/figure>\n\t\t\t\t\t<\/a>\n\t\t\t\t\t\t\t\t\n\t\t\t\t<div class=\"accommodations-list-container-single-title\">\n\t\t\t\t\t<span>ACCESSIBLE <\/span>\n\t\t\t\t\t<h3>Emplacement Camper Inclusive<\/h3>\n\t\t\t\t<\/div>\n\n\t\t\t\t<div class=\"accommodations-list-container-single-features\">\n\t\t\t\t\t\n\t\t\t\t\t\t\t\t\t<\/div>\n\t\t\t\t\n\t\t\t\t<div class=\"accommodations-list-container-single-short-description\">\n\t\t\t\t\t<p>Grands emplacements avec acc\u00e8s \u00e0 la plage  <\/p>\n\t\t\t\t<\/div>\n\n\t\t\t\t<a href=\"https:\/\/www.villaggiosanpaolo.com\/fr\/accommodation\/emplacement-camper-inclusive\/\" title=\"Emplacement Camper Inclusive\" class=\"btn btn-center accommodations-list-container-single-button\">\n\t\t\t\t\tVoir les d\u00e9tails\t\t\t\t<\/a>\n\t\t\t<\/div>\n\t\t\t\n\t<\/div>\n\n\n\n<\/div>\n<\/div><\/div>","protected":false},"excerpt":{"rendered":"","protected":false},"author":1,"featured_media":2906,"parent":0,"menu_order":0,"comment_status":"closed","ping_status":"closed","template":"","meta":{"_acf_changed":false,"_seopress_robots_primary_cat":"","_seopress_titles_title":"%%post_title%% %%sep%% %%sitetitle%% ","_seopress_titles_desc":"Les emplacements pour camping-cars et caravanes du Villaggio San Paolo sont la solution id\u00e9ale pour passer des vacances en camping sur la plage de Cavallino-Treporti, surtout pendant les p\u00e9riodes les moins fr\u00e9quent\u00e9es, pour d\u00e9couvrir les paysages naturels de la c\u00f4te et la beaut\u00e9 de la ville de Venise toute proche. ","_seopress_robots_index":"","advgb_blocks_editor_width":"","advgb_blocks_columns_visual_guide":"","footnotes":""},"class_list":["post-3897","page","type-page","status-publish","has-post-thumbnail","hentry","entry"],"acf":[],"coauthors":[],"author_meta":{"author_link":"https:\/\/www.villaggiosanpaolo.com\/fr\/author\/ales-ckgmi8c90\/","display_name":"ales-ckgmi8c90"},"relative_dates":{"created":"Publi\u00e9 3 ans il y a","modified":"Mis \u00e0 jour 3 ans il y a"},"absolute_dates":{"created":"Publi\u00e9 le juillet 20, 2023","modified":"Mise \u00e0 jour le juillet 20, 2023"},"absolute_dates_time":{"created":"Publi\u00e9 le juillet 20, 2023 12:13 pm","modified":"Mise \u00e0 jour le juillet 20, 2023 12:13 pm"},"featured_img_caption":"","featured_img":"https:\/\/www.villaggiosanpaolo.com\/wp-content\/uploads\/2023\/05\/villagio-san-paolo-cavallino-area-camper-banner-1568x784.jpg","series_order":"","_links":{"self":[{"href":"https:\/\/www.villaggiosanpaolo.com\/fr\/wp-json\/wp\/v2\/pages\/3897","targetHints":{"allow":["GET"]}}],"collection":[{"href":"https:\/\/www.villaggiosanpaolo.com\/fr\/wp-json\/wp\/v2\/pages"}],"about":[{"href":"https:\/\/www.villaggiosanpaolo.com\/fr\/wp-json\/wp\/v2\/types\/page"}],"author":[{"embeddable":true,"href":"https:\/\/www.villaggiosanpaolo.com\/fr\/wp-json\/wp\/v2\/users\/1"}],"replies":[{"embeddable":true,"href":"https:\/\/www.villaggiosanpaolo.com\/fr\/wp-json\/wp\/v2\/comments?post=3897"}],"version-history":[{"count":1,"href":"https:\/\/www.villaggiosanpaolo.com\/fr\/wp-json\/wp\/v2\/pages\/3897\/revisions"}],"predecessor-version":[{"id":3899,"href":"https:\/\/www.villaggiosanpaolo.com\/fr\/wp-json\/wp\/v2\/pages\/3897\/revisions\/3899"}],"wp:featuredmedia":[{"embeddable":true,"href":"https:\/\/www.villaggiosanpaolo.com\/fr\/wp-json\/wp\/v2\/media\/2906"}],"wp:attachment":[{"href":"https:\/\/www.villaggiosanpaolo.com\/fr\/wp-json\/wp\/v2\/media?parent=3897"}],"curies":[{"name":"wp","href":"https:\/\/api.w.org\/{rel}","templated":true}]}}